{"id":4114,"date":"2022-08-03T13:55:15","date_gmt":"2022-08-03T11:55:15","guid":{"rendered":"https:\/\/www.vorumaa.eu\/?page_id=4114"},"modified":"2022-08-03T13:55:15","modified_gmt":"2022-08-03T11:55:15","slug":"louna-eesti-postimees","status":"publish","type":"page","link":"https:\/\/www.vorumaa.eu\/en\/louna-eesti-postimees\/","title":{"rendered":"L\u00f5una-Eesti Postimees"},"content":{"rendered":"<div class='feedzy-lazy' data-feeds=\"https:\/\/lounapostimees.postimees.ee\/rss\/section\/3617\"data-max=\"10\"data-feed_title=\"yes\"data-target=\"_blank\"data-follow=\"\"data-title=\"\"data-meta=\"yes\"data-multiple_meta=\"no\"data-summary=\"yes\"data-summarylength=\"\"data-thumb=\"auto\"data-default=\"\"data-size=\"\"data-aspectRatio=\"1\"data-keywords_title=\"\"data-keywords_inc=\"\"data-keywords_inc_on=\"\"data-keywords_exc_on=\"\"data-refresh=\"6_hours\"data-sort=\"\"data-http=\"auto\"data-error_empty=\"Feed has no items.\"data-amp=\"yes\"data-offset=\"0\"data-lazy=\"yes\"data-_dryrun_=\"no\"data-_dry_run_tags_=\"\"data-from_datetime=\"\"data-to_datetime=\"\"data-disable_default_style=\"no\"data-filters=\"\"data-classname=\"\"data-price=\"yes\"data-columns=\"1\"data-has_valid_cache=\"true\"data-nonce=\"3eb6be89a9\"><div class=\"feedzy-ec9ed9a917d1167462819e1650ad732c feedzy-rss\"><div class=\"rss_header\"><h2><a href=\"https:\/\/lounapostimees.postimees.ee\/\" class=\"rss_title\" rel=\"noopener\">V\u00f5ru<\/a> <span class=\"rss_description\"> L\u00f5una-Eesti k\u00f5ige kiiremad uudised ja huvitavamad lood! Vaata l\u00e4hemalt.<\/span><\/h2><\/div><ul><li  style=\"padding: 15px 0 25px\" class=\"rss_item\"><div class=\"rss_image\" style=\"height:150px;width:150px;\"><a href=\"https:\/\/pmo.ee\/8463529\" target=\"_blank\" rel=\" noopener\" title=\"Mitmendat p\u00e4eva kulu p\u00f5letanud inimene vajas p\u00e4\u00e4stjate abi\" style=\"height:150px;width:150px;\"><img decoding=\"async\" src=\"https:\/\/f9.pmo.ee\/mP3PM5H2lBVoz846RtwSvkKHjHs=\/480x270\/smart\/nginx\/o\/2026\/03\/10\/17500623t1h5e6e.jpg\" title=\"Mitmendat p\u00e4eva kulu p\u00f5letanud inimene vajas p\u00e4\u00e4stjate abi\" style=\"height:150px;width:150px;\"><\/a><\/div><span class=\"title\"><a href=\"https:\/\/pmo.ee\/8463529\" target=\"_blank\" rel=\" noopener\">Mitmendat p\u00e4eva kulu p\u00f5letanud inimene vajas p\u00e4\u00e4stjate abi<\/a><\/span><div class=\"rss_content\" style=\"\"><small>on 02.05.2026 at 18:31:02 <\/small><p>Laup\u00e4eva \u00f5htul poole kaheksa ajal said p\u00e4\u00e4stjad v\u00e4ljakutse V\u00f5ru valda Alak\u00fcll\u00e4, kus p\u00f5les sada ruutmeetrit kulu.<\/p><\/div><\/li><li  style=\"padding: 15px 0 25px\" class=\"rss_item\"><div class=\"rss_image\" style=\"height:150px;width:150px;\"><a href=\"https:\/\/pmo.ee\/8463526\" target=\"_blank\" rel=\" noopener\" title=\"GALERII \u27e9 V\u00f5ru robootika- ja leiutamisp\u00e4ev t\u00f5i kokku huvilisi \u00fcle Eesti\" style=\"height:150px;width:150px;\"><img decoding=\"async\" src=\"https:\/\/f11.pmo.ee\/LxZq4bNH9L_kSWs9XHyXh8oVV6s=\/480x270\/filters:focal(173x0:4607x2929)\/nginx\/o\/2026\/05\/02\/17608684t1h5079.jpg\" title=\"GALERII \u27e9 V\u00f5ru robootika- ja leiutamisp\u00e4ev t\u00f5i kokku huvilisi \u00fcle Eesti\" style=\"height:150px;width:150px;\"><\/a><\/div><span class=\"title\"><a href=\"https:\/\/pmo.ee\/8463526\" target=\"_blank\" rel=\" noopener\">GALERII \u27e9 V\u00f5ru robootika- ja leiutamisp\u00e4ev t\u00f5i kokku huvilisi \u00fcle Eesti<\/a><\/span><div class=\"rss_content\" style=\"\"><small>on 02.05.2026 at 18:15:07 <\/small><p>Robootika- ja leiutamishuvilised lapsed ning noored \u00fcle Eesti kogunesid laup\u00e4eval V\u00f5ru kultuurimajja Kannel, kus leidis aset \u00fcheksas V\u00f5rumaa robootikap\u00e4ev ja leiutamise festival.<\/p><\/div><\/li><li  style=\"padding: 15px 0 25px\" class=\"rss_item\"><div class=\"rss_image\" style=\"height:150px;width:150px;\"><a href=\"https:\/\/pmo.ee\/8462830\" target=\"_blank\" rel=\" noopener\" title=\"ALGAB SUUR\u00d5PPUS \u27e9 Kevadtormil harjutatakse droonis\u00f5da ja elluj\u00e4\u00e4mist lahinguv\u00e4ljal\" style=\"height:150px;width:150px;\"><img decoding=\"async\" src=\"https:\/\/f12.pmo.ee\/-3hh2CEv8FPBjjkvK1dh3dUTb8k=\/480x270\/filters:focal(120x128:884x618)\/nginx\/o\/2026\/04\/20\/17574601t1ha4a9.jpg\" title=\"ALGAB SUUR\u00d5PPUS \u27e9 Kevadtormil harjutatakse droonis\u00f5da ja elluj\u00e4\u00e4mist lahinguv\u00e4ljal\" style=\"height:150px;width:150px;\"><\/a><\/div><span class=\"title\"><a href=\"https:\/\/pmo.ee\/8462830\" target=\"_blank\" rel=\" noopener\">ALGAB SUUR\u00d5PPUS \u27e9 Kevadtormil harjutatakse droonis\u00f5da ja elluj\u00e4\u00e4mist lahinguv\u00e4ljal<\/a><\/span><div class=\"rss_content\" style=\"\"><small>on 02.05.2026 at 05:56:01 <\/small><p>Esmasp\u00e4eval algav Kevadtorm keskendub muu hulgas droonir\u00fcnnakute t\u00f5rjumisele ja \u00fcksuste elluj\u00e4\u00e4misele lahinguv\u00e4ljal. Suurim tegevus koondub Nursipalu harjutusv\u00e4lja ja selle \u00fcmbrusse ning Kagu-Eesti teedel liigub tavap\u00e4rasest rohkem kaitsev\u00e4e tehnikat.<\/p><\/div><\/li><li  style=\"padding: 15px 0 25px\" class=\"rss_item\"><div class=\"rss_image\" style=\"height:150px;width:150px;\"><a href=\"https:\/\/pmo.ee\/8463124\" target=\"_blank\" rel=\" noopener\" title=\"V\u00f5rus h\u00e4vis tulekahjus k\u00f5rvalhoone\" style=\"height:150px;width:150px;\"><img decoding=\"async\" src=\"https:\/\/f8.pmo.ee\/1NhraCeQJYHmR_oikvURtyzOsq0=\/480x270\/smart\/nginx\/o\/2020\/12\/31\/13555674t1h2897.jpg\" title=\"V\u00f5rus h\u00e4vis tulekahjus k\u00f5rvalhoone\" style=\"height:150px;width:150px;\"><\/a><\/div><span class=\"title\"><a href=\"https:\/\/pmo.ee\/8463124\" target=\"_blank\" rel=\" noopener\">V\u00f5rus h\u00e4vis tulekahjus k\u00f5rvalhoone<\/a><\/span><div class=\"rss_content\" style=\"\"><small>on 01.05.2026 at 15:02:03 <\/small><p>P\u00e4\u00e4stjad said t\u00e4na kell 14.26 teate tulekahjust V\u00f5rus M\u00e4nniku t\u00e4naval, kus oli p\u00f5lema l\u00e4inud k\u00f5rvalhoone.<\/p><\/div><\/li><li  style=\"padding: 15px 0 25px\" class=\"rss_item\"><div class=\"rss_image\" style=\"height:150px;width:150px;\"><a href=\"https:\/\/pmo.ee\/8462903\" target=\"_blank\" rel=\" noopener\" title=\"GALERII \u27e9 V\u00f5ru rattap\u00e4ev pakkus lusti ja r\u00f5\u00f5mu nii suurtele kui v\u00e4ikestele\" style=\"height:150px;width:150px;\"><img decoding=\"async\" src=\"https:\/\/f11.pmo.ee\/K_8HVk5TVI4AVeRuGmahYkIWK7c=\/480x270\/filters:focal(21x114:4607x3043)\/nginx\/o\/2026\/05\/01\/17605601t1hc839.jpg\" title=\"GALERII \u27e9 V\u00f5ru rattap\u00e4ev pakkus lusti ja r\u00f5\u00f5mu nii suurtele kui v\u00e4ikestele\" style=\"height:150px;width:150px;\"><\/a><\/div><span class=\"title\"><a href=\"https:\/\/pmo.ee\/8462903\" target=\"_blank\" rel=\" noopener\">GALERII \u27e9 V\u00f5ru rattap\u00e4ev pakkus lusti ja r\u00f5\u00f5mu nii suurtele kui v\u00e4ikestele<\/a><\/span><div class=\"rss_content\" style=\"\"><small>on 01.05.2026 at 11:04:10 <\/small><p>V\u00f5ru kesklinna pargis leidis kevadp\u00fchal aset kogupere rattap\u00e4ev, kus huvilisi ootasid rattas\u00f5idud, p\u00f5nevad tegevused, esinemised ja auhinnaloos.<\/p><\/div><\/li><li  style=\"padding: 15px 0 25px\" class=\"rss_item\"><div class=\"rss_image\" style=\"height:150px;width:150px;\"><a href=\"https:\/\/pmo.ee\/8462209\" target=\"_blank\" rel=\" noopener\" title=\"Omniva k\u00fcsib kogukondadelt, kuhu paigaldada veel pakiautomaate\" style=\"height:150px;width:150px;\"><img decoding=\"async\" src=\"https:\/\/f10.pmo.ee\/p3Ohq3eJu0-LFEWoKWpIrr1TClM=\/480x270\/smart\/nginx\/o\/2026\/04\/30\/17602131t1hf59b.jpg\" title=\"Omniva k\u00fcsib kogukondadelt, kuhu paigaldada veel pakiautomaate\" style=\"height:150px;width:150px;\"><\/a><\/div><span class=\"title\"><a href=\"https:\/\/pmo.ee\/8462209\" target=\"_blank\" rel=\" noopener\">Omniva k\u00fcsib kogukondadelt, kuhu paigaldada veel pakiautomaate<\/a><\/span><div class=\"rss_content\" style=\"\"><small>on 30.04.2026 at 06:01:15 <\/small><p>Pakiautomaatide v\u00f5rgustiku laiendamist alustanud Omniva ootab n\u00fc\u00fcd kogukondade soovitusi, millistesse asukohtadesse oleks automaati veel tarvis.<\/p><\/div><\/li><li  style=\"padding: 15px 0 25px\" class=\"rss_item\"><div class=\"rss_image\" style=\"height:150px;width:150px;\"><a href=\"https:\/\/pmo.ee\/8461652\" target=\"_blank\" rel=\" noopener\" title=\"Kersti Kond: Auu, Kagu-Eesti on ka olemas!\" style=\"height:150px;width:150px;\"><img decoding=\"async\" src=\"https:\/\/f9.pmo.ee\/PKCz9Ycnl0-SlT1HVkGG-Q7f6Zg=\/480x270\/filters:focal(850x71:4066x3361)\/nginx\/o\/2025\/12\/23\/17356920t1h7d93.jpg\" title=\"Kersti Kond: Auu, Kagu-Eesti on ka olemas!\" style=\"height:150px;width:150px;\"><\/a><\/div><span class=\"title\"><a href=\"https:\/\/pmo.ee\/8461652\" target=\"_blank\" rel=\" noopener\">Kersti Kond: Auu, Kagu-Eesti on ka olemas!<\/a><\/span><div class=\"rss_content\" style=\"\"><small>on 29.04.2026 at 21:03:00 <\/small><p>Uudis, et Ida-Virumaale rajatakse \u00f5iglase \u00fclemineku fondi toel paari aasta jooksul 800 hotellikohta, tegi Kagu-Eesti turismiettev\u00f5tjad ja omavalitsusjuhid n\u00f5utuks. Muidugi, Virumaa vajab tuge, et t\u00f6\u00f6kohti luua ja k\u00fclalisi tuua, kuid majandusn\u00e4itajate poolest kehvemaski seisus Valga-, V\u00f5ru- ja P\u00f5lvamaa vajavad seda ka.<\/p><\/div><\/li><li  style=\"padding: 15px 0 25px\" class=\"rss_item\"><div class=\"rss_image\" style=\"height:150px;width:150px;\"><a href=\"https:\/\/pmo.ee\/8460814\" target=\"_blank\" rel=\" noopener\" title=\"L\u00f5\u00f5tsa v\u00e4ljakutse V\u00f5rus: tuntud kogukonnaliikmeid kutsutakse pilli \u00f5ppima\" style=\"height:150px;width:150px;\"><img decoding=\"async\" src=\"https:\/\/f12.pmo.ee\/4bGi87VdP8BAaRue1QFw-ry5P2Y=\/480x270\/filters:focal(0x178:677x733)\/nginx\/o\/2026\/04\/28\/17597662t1ha32e.jpg\" title=\"L\u00f5\u00f5tsa v\u00e4ljakutse V\u00f5rus: tuntud kogukonnaliikmeid kutsutakse pilli \u00f5ppima\" style=\"height:150px;width:150px;\"><\/a><\/div><span class=\"title\"><a href=\"https:\/\/pmo.ee\/8460814\" target=\"_blank\" rel=\" noopener\">L\u00f5\u00f5tsa v\u00e4ljakutse V\u00f5rus: tuntud kogukonnaliikmeid kutsutakse pilli \u00f5ppima<\/a><\/span><div class=\"rss_content\" style=\"\"><small>on 28.04.2026 at 08:37:56 <\/small><p>V\u00f5ru kesklinna pargis t\u00e4histatakse kolmap\u00e4eval rahvusvahelist tantsup\u00e4eva, mille raames kuulutatakse v\u00e4lja ka l\u00f5\u00f5tsa v\u00e4ljakutse. Selle k\u00e4igus kutsutakse V\u00f5ru kogukonnas tuntud inimesi \u00f5ppima m\u00e4ngima Teppo t\u00fc\u00fcpi l\u00f5\u00f5tspillil ning andma avalik lubadus saada pillim\u00e4ng selgeks suvel toimuva XXX V\u00f5ru p\u00e4rimustantsu festival ajaks.<\/p><\/div><\/li><li  style=\"padding: 15px 0 25px\" class=\"rss_item\"><div class=\"rss_image\" style=\"height:150px;width:150px;\"><a href=\"https:\/\/pmo.ee\/8459698\" target=\"_blank\" rel=\" noopener\" title=\"GALERII \u27e9 Lumi ilmutas end taas, talvine ilm j\u00e4tkub ka homme\" style=\"height:150px;width:150px;\"><img decoding=\"async\" src=\"https:\/\/f11.pmo.ee\/Ydgf67PkOEzH1gPCoY1A-6_O3HM=\/480x270\/filters:focal(932x197:3165x2255)\/nginx\/o\/2026\/04\/26\/17594432t1h6eca.jpg\" title=\"GALERII \u27e9 Lumi ilmutas end taas, talvine ilm j\u00e4tkub ka homme\" style=\"height:150px;width:150px;\"><\/a><\/div><span class=\"title\"><a href=\"https:\/\/pmo.ee\/8459698\" target=\"_blank\" rel=\" noopener\">GALERII \u27e9 Lumi ilmutas end taas, talvine ilm j\u00e4tkub ka homme<\/a><\/span><div class=\"rss_content\" style=\"\"><small>on 26.04.2026 at 13:34:40 <\/small><p>Kuigi maikuu alguseni on j\u00e4\u00e4nud vaid loetud p\u00e4evad, n\u00e4itas ilm p\u00fchap\u00e4eval V\u00f5rus taas talvisemat palet. Tugev tuul ajas Tamula j\u00e4rvel lained vahutama ning vihma sekka sadas lund ja l\u00f6rtsi.<\/p><\/div><\/li><li  style=\"padding: 15px 0 25px\" class=\"rss_item\"><div class=\"rss_image\" style=\"height:150px;width:150px;\"><a href=\"https:\/\/pmo.ee\/8459562\" target=\"_blank\" rel=\" noopener\" title=\"Haanja n\u00e4itas, et sinna ei minda ainult suusatama\" style=\"height:150px;width:150px;\"><img decoding=\"async\" src=\"https:\/\/f8.pmo.ee\/Q3lTX44XvLL5-CIND9h2FANIg_c=\/480x270\/filters:focal(329x370:2072x2002)\/nginx\/o\/2026\/04\/26\/17594151t1h6d11.jpg\" title=\"Haanja n\u00e4itas, et sinna ei minda ainult suusatama\" style=\"height:150px;width:150px;\"><\/a><\/div><span class=\"title\"><a href=\"https:\/\/pmo.ee\/8459562\" target=\"_blank\" rel=\" noopener\">Haanja n\u00e4itas, et sinna ei minda ainult suusatama<\/a><\/span><div class=\"rss_content\" style=\"\"><small>on 26.04.2026 at 09:04:18 <\/small><p>Kevadine Haanja t\u00f5estas, et sinna ei minda ainult suusatama \u2013 30. juubelit t\u00e4histanud \u00fcmber Vaskna j\u00e4rv jooksul ja k\u00f5nnil pani end proovile hulgaliselt liikujaid. Tegemist oli \u00fchtlasi V\u00f5rumaa jooksu- ja k\u00f5nnisari avaetapiga.<\/p><\/div><\/li><\/ul> <\/div><style type=\"text\/css\" media=\"all\">.feedzy-rss .rss_item .rss_image{float:left;position:relative;border:none;text-decoration:none;max-width:100%}.feedzy-rss .rss_item .rss_image span{display:inline-block;position:absolute;width:100%;height:100%;background-position:50%;background-size:cover}.feedzy-rss .rss_item .rss_image{margin:.3em 1em 0 0;content-visibility:auto}.feedzy-rss ul{list-style:none}.feedzy-rss ul li{display:inline-block}<\/style><\/div>\n<div class='feedzy-lazy' data-feeds=\"https:\/\/lounapostimees.postimees.ee\/rss\/section\/3623\"data-max=\"10\"data-feed_title=\"yes\"data-target=\"_blank\"data-follow=\"\"data-title=\"\"data-meta=\"yes\"data-multiple_meta=\"no\"data-summary=\"yes\"data-summarylength=\"\"data-thumb=\"auto\"data-default=\"\"data-size=\"\"data-aspectRatio=\"1\"data-keywords_title=\"\"data-keywords_inc=\"\"data-keywords_inc_on=\"\"data-keywords_exc_on=\"\"data-refresh=\"6_hours\"data-sort=\"\"data-http=\"auto\"data-error_empty=\"Feed has no items.\"data-amp=\"yes\"data-offset=\"0\"data-lazy=\"yes\"data-_dryrun_=\"no\"data-_dry_run_tags_=\"\"data-from_datetime=\"\"data-to_datetime=\"\"data-disable_default_style=\"no\"data-filters=\"\"data-classname=\"\"data-price=\"yes\"data-columns=\"1\"data-has_valid_cache=\"true\"data-nonce=\"5679fb8490\"><div class=\"feedzy-023c671fe986a90f47addc3d86b155d7 feedzy-rss\"><div class=\"rss_header\"><h2><a href=\"https:\/\/lounapostimees.postimees.ee\/\" class=\"rss_title\" rel=\"noopener\">R\u00f5uge<\/a> <span class=\"rss_description\"> L\u00f5una-Eesti k\u00f5ige kiiremad uudised ja huvitavamad lood! Vaata l\u00e4hemalt.<\/span><\/h2><\/div><ul><li  style=\"padding: 15px 0 25px\" class=\"rss_item\"><div class=\"rss_image\" style=\"height:150px;width:150px;\"><a href=\"https:\/\/pmo.ee\/8462715\" target=\"_blank\" rel=\" noopener\" title=\"Suur\u00f5ppus Kevadtorm toob kaasa liikluspiiranguid V\u00f5rumaa teedel\" style=\"height:150px;width:150px;\"><img decoding=\"async\" src=\"https:\/\/f9.pmo.ee\/7OcnHZ13NQMxpKkKf_B3bJkLykg=\/480x270\/smart\/nginx\/o\/2017\/05\/11\/6648993t1h890c.jpg\" title=\"Suur\u00f5ppus Kevadtorm toob kaasa liikluspiiranguid V\u00f5rumaa teedel\" style=\"height:150px;width:150px;\"><\/a><\/div><span class=\"title\"><a href=\"https:\/\/pmo.ee\/8462715\" target=\"_blank\" rel=\" noopener\">Suur\u00f5ppus Kevadtorm toob kaasa liikluspiiranguid V\u00f5rumaa teedel<\/a><\/span><div class=\"rss_content\" style=\"\"><small>on 30.04.2026 at 14:30:36 <\/small><p>Esmasp\u00e4eval, 4. mail algav suur\u00f5ppus Kevadtorm toob kaasa teede sulgemise V\u00f5rumaal ja teedel on liiklemas tavap\u00e4rasest rohkem Kaitsev\u00e4e tehnikat.<\/p><\/div><\/li><li  style=\"padding: 15px 0 25px\" class=\"rss_item\"><div class=\"rss_image\" style=\"height:150px;width:150px;\"><a href=\"https:\/\/pmo.ee\/8462032\" target=\"_blank\" rel=\" noopener\" title=\"GALERII, VIDEO \u27e9 \u00d5pilased lennutasid Nursipalus oma satelliidid kilomeetri k\u00f5rgusele\" style=\"height:150px;width:150px;\"><img decoding=\"async\" src=\"https:\/\/f10.pmo.ee\/00gAXC5qAilDkSsAEEOM-MA9Ffs=\/480x270\/filters:focal(1132x494:15x15)\/nginx\/o\/2026\/04\/29\/17601549t1hef03.jpg\" title=\"GALERII, VIDEO \u27e9 \u00d5pilased lennutasid Nursipalus oma satelliidid kilomeetri k\u00f5rgusele\" style=\"height:150px;width:150px;\"><\/a><\/div><span class=\"title\"><a href=\"https:\/\/pmo.ee\/8462032\" target=\"_blank\" rel=\" noopener\">GALERII, VIDEO \u27e9 \u00d5pilased lennutasid Nursipalus oma satelliidid kilomeetri k\u00f5rgusele<\/a><\/span><div class=\"rss_content\" style=\"\"><small>on 29.04.2026 at 21:20:00 <\/small><p>T\u00e4helepanu, t\u00e4helepanu, oleme vabastamiseks valmis! Nii k\u00f5las teisip\u00e4eval V\u00f5rumaal Nursipalu harjutusv\u00e4ljal, kus koolinoorte ehitatud purksatelliidid lasti droonilt kilomeetri k\u00f5rgusel maa poole teele.<\/p><\/div><\/li><li  style=\"padding: 15px 0 25px\" class=\"rss_item\"><div class=\"rss_image\" style=\"height:150px;width:150px;\"><a href=\"https:\/\/pmo.ee\/8461652\" target=\"_blank\" rel=\" noopener\" title=\"Kersti Kond: Auu, Kagu-Eesti on ka olemas!\" style=\"height:150px;width:150px;\"><img decoding=\"async\" src=\"https:\/\/f9.pmo.ee\/PKCz9Ycnl0-SlT1HVkGG-Q7f6Zg=\/480x270\/filters:focal(850x71:4066x3361)\/nginx\/o\/2025\/12\/23\/17356920t1h7d93.jpg\" title=\"Kersti Kond: Auu, Kagu-Eesti on ka olemas!\" style=\"height:150px;width:150px;\"><\/a><\/div><span class=\"title\"><a href=\"https:\/\/pmo.ee\/8461652\" target=\"_blank\" rel=\" noopener\">Kersti Kond: Auu, Kagu-Eesti on ka olemas!<\/a><\/span><div class=\"rss_content\" style=\"\"><small>on 29.04.2026 at 21:03:00 <\/small><p>Uudis, et Ida-Virumaale rajatakse \u00f5iglase \u00fclemineku fondi toel paari aasta jooksul 800 hotellikohta, tegi Kagu-Eesti turismiettev\u00f5tjad ja omavalitsusjuhid n\u00f5utuks. Muidugi, Virumaa vajab tuge, et t\u00f6\u00f6kohti luua ja k\u00fclalisi tuua, kuid majandusn\u00e4itajate poolest kehvemaski seisus Valga-, V\u00f5ru- ja P\u00f5lvamaa vajavad seda ka.<\/p><\/div><\/li><li  style=\"padding: 15px 0 25px\" class=\"rss_item\"><div class=\"rss_image\" style=\"height:150px;width:150px;\"><a href=\"https:\/\/pmo.ee\/8459017\" target=\"_blank\" rel=\" noopener\" title=\"Valgamaa muusikalitrupp tuleb R\u00f5uge valda publikut l\u00f5bustama\" style=\"height:150px;width:150px;\"><img decoding=\"async\" src=\"https:\/\/f12.pmo.ee\/6Z-IgVWYwkk4xxoY08wT54w9wLw=\/480x270\/filters:focal(787x619:15x15)\/nginx\/o\/2026\/04\/24\/17589956t1h9455.jpg\" title=\"Valgamaa muusikalitrupp tuleb R\u00f5uge valda publikut l\u00f5bustama\" style=\"height:150px;width:150px;\"><\/a><\/div><span class=\"title\"><a href=\"https:\/\/pmo.ee\/8459017\" target=\"_blank\" rel=\" noopener\">Valgamaa muusikalitrupp tuleb R\u00f5uge valda publikut l\u00f5bustama<\/a><\/span><div class=\"rss_content\" style=\"\"><small>on 24.04.2026 at 21:04:00 <\/small><p>T\u00e4na \u00f5htul saab Varstu kultuurikeskuses ja homme Misso rahvamajas n\u00e4ha Valgas tegutseva MT\u00dc Kungla noortemuusikali \u00abOklahoma\u00bb.<\/p><\/div><\/li><li  style=\"padding: 15px 0 25px\" class=\"rss_item\"><div class=\"rss_image\" style=\"height:150px;width:150px;\"><a href=\"https:\/\/pmo.ee\/8456860\" target=\"_blank\" rel=\" noopener\" title=\"Zooloog Harri Valdmann: tippkiskja inimest ei karda\" style=\"height:150px;width:150px;\"><img decoding=\"async\" src=\"https:\/\/f8.pmo.ee\/_UKifiiJLEUyw8NPKBI6LNBy2ZA=\/480x270\/filters:focal(1960x54:5177x2435)\/nginx\/o\/2026\/04\/22\/17584249t1h2dc5.jpg\" title=\"Zooloog Harri Valdmann: tippkiskja inimest ei karda\" style=\"height:150px;width:150px;\"><\/a><\/div><span class=\"title\"><a href=\"https:\/\/pmo.ee\/8456860\" target=\"_blank\" rel=\" noopener\">Zooloog Harri Valdmann: tippkiskja inimest ei karda<\/a><\/span><div class=\"rss_content\" style=\"\"><small>on 24.04.2026 at 21:03:00 <\/small><p>Karudel l\u00e4heb Eestis h\u00e4sti: nende arvukus kasvab ja poegi on pesakonnas palju. Mida rohkem p\u00e4ntjalgu, seda suurem v\u00f5imalus on inimestel neid kohata nii metsateel kui koduhoovis. Tartu \u00dclikooli selgroogsete zooloogia kaasprofessor Harri Valdmann r\u00e4\u00e4kis, et kui kiskjale liialt l\u00e4hedale sattuda, tunneb ta end ohustatuna ja soovib h\u00e4daohtu k\u00f5rvalda.<\/p><\/div><\/li><li  style=\"padding: 15px 0 25px\" class=\"rss_item\"><div class=\"rss_image\" style=\"height:150px;width:150px;\"><a href=\"https:\/\/pmo.ee\/8458529\" target=\"_blank\" rel=\" noopener\" title=\"T\u0161ornob\u00f5l \u2013 sunnitud teekond tundmatusse. \u00abKoju p\u00e4\u00e4sedes hakkas kogu elu kulgema riski peal.\u00bb\" style=\"height:150px;width:150px;\"><img decoding=\"async\" src=\"https:\/\/f9.pmo.ee\/0wRZ40JsJwUjHvch3I57mgz9GcA=\/480x270\/filters:focal(976x668:2883x3417)\/nginx\/o\/2026\/04\/24\/17588861t1hf191.jpg\" title=\"T\u0161ornob\u00f5l \u2013 sunnitud teekond tundmatusse. \u00abKoju p\u00e4\u00e4sedes hakkas kogu elu kulgema riski peal.\u00bb\" style=\"height:150px;width:150px;\"><\/a><\/div><span class=\"title\"><a href=\"https:\/\/pmo.ee\/8458529\" target=\"_blank\" rel=\" noopener\">T\u0161ornob\u00f5l \u2013 sunnitud teekond tundmatusse. \u00abKoju p\u00e4\u00e4sedes hakkas kogu elu kulgema riski peal.\u00bb<\/a><\/span><div class=\"rss_content\" style=\"\"><small>on 24.04.2026 at 21:03:00 <\/small><p>M\u00f5ni p\u00e4ev p\u00e4rast T\u0161ornob\u00f5li tuumajaama katastroofi pani V\u00f5rumaal R\u00f5uge vallas asuva Soovere talu peremees \u00dclar Koemets oma laudahoonele eterniitkatust. Kuna Ukrainas juhtunust r\u00e4\u00e4giti raadios vaid p\u00f5gusalt, ei osanud ta ohtu kartagi.<\/p><\/div><\/li><li  style=\"padding: 15px 0 25px\" class=\"rss_item\"><div class=\"rss_image\" style=\"height:150px;width:150px;\"><a href=\"https:\/\/pmo.ee\/8457139\" target=\"_blank\" rel=\" noopener\" title=\"PILDID \u27e9 Suitsetamine voodis p\u00e4\u00e4dis tulekahjuga, hullemast p\u00e4\u00e4stis naabri sekkumine\" style=\"height:150px;width:150px;\"><img decoding=\"async\" src=\"https:\/\/f10.pmo.ee\/pNWWkYALTBvHdEBi3kaYXz2Sz7U=\/480x270\/smart\/nginx\/o\/2026\/04\/22\/17584925t1ha7bf.jpg\" title=\"PILDID \u27e9 Suitsetamine voodis p\u00e4\u00e4dis tulekahjuga, hullemast p\u00e4\u00e4stis naabri sekkumine\" style=\"height:150px;width:150px;\"><\/a><\/div><span class=\"title\"><a href=\"https:\/\/pmo.ee\/8457139\" target=\"_blank\" rel=\" noopener\">PILDID \u27e9 Suitsetamine voodis p\u00e4\u00e4dis tulekahjuga, hullemast p\u00e4\u00e4stis naabri sekkumine<\/a><\/span><div class=\"rss_content\" style=\"\"><small>on 22.04.2026 at 10:12:34 <\/small><p>P\u00e4\u00e4stjad kiirustasid teisip\u00e4eval kell 7.55 R\u00f5uge valda Haanja k\u00fclla, kus teataja eluruumidesse tungis naaberkorterist sisse suits.<\/p><\/div><\/li><li  style=\"padding: 15px 0 25px\" class=\"rss_item\"><div class=\"rss_image\" style=\"height:150px;width:150px;\"><a href=\"https:\/\/pmo.ee\/8455852\" target=\"_blank\" rel=\" noopener\" title=\"Mati Kivistik: kas karud ei mahu enam Eestis metsadesse \u00e4ra?\" style=\"height:150px;width:150px;\"><img decoding=\"async\" src=\"https:\/\/f9.pmo.ee\/LCAZkV0iU4bFfn-K859brp-XWAc=\/480x270\/filters:focal(806x435:15x15)\/nginx\/o\/2026\/04\/20\/17574530t1h7279.jpg\" title=\"Mati Kivistik: kas karud ei mahu enam Eestis metsadesse \u00e4ra?\" style=\"height:150px;width:150px;\"><\/a><\/div><span class=\"title\"><a href=\"https:\/\/pmo.ee\/8455852\" target=\"_blank\" rel=\" noopener\">Mati Kivistik: kas karud ei mahu enam Eestis metsadesse \u00e4ra?<\/a><\/span><div class=\"rss_content\" style=\"\"><small>on 20.04.2026 at 21:19:00 <\/small><p>M\u00f6\u00f6dunud n\u00e4dalal k\u00fcttis meediakanalites taas kord kirgi karu, meie metsade tippkiskja \u2013 kroonimata kuningas. Palju r\u00e4\u00e4giti sellest, kuidas on inimesel karuga looduses kohtudes \u00f5ige k\u00e4ituda, ning sellestki, milline looduskaitse edulugu meie praegune heas seisus karuasurkond on.<\/p><\/div><\/li><li  style=\"padding: 15px 0 25px\" class=\"rss_item\"><div class=\"rss_image\" style=\"height:150px;width:150px;\"><a href=\"https:\/\/pmo.ee\/8454193\" target=\"_blank\" rel=\" noopener\" title=\"GALERII \u27e9 Seeme pannakse mulda, kuigi tulu see p\u00f5llumeestele ei too. \u00abKui t\u00f6\u00f6 mind nii ei k\u00f6idaks, oleks loobumine m\u00f5istlik.\u00bb\" style=\"height:150px;width:150px;\"><img decoding=\"async\" src=\"https:\/\/f10.pmo.ee\/BOb3RcYItcdsCdnjR55ifxQOBSw=\/480x270\/filters:focal(2126x625:5288x3174)\/nginx\/o\/2026\/04\/17\/17568087t1h55ad.jpg\" title=\"GALERII \u27e9 Seeme pannakse mulda, kuigi tulu see p\u00f5llumeestele ei too. \u00abKui t\u00f6\u00f6 mind nii ei k\u00f6idaks, oleks loobumine m\u00f5istlik.\u00bb\" style=\"height:150px;width:150px;\"><\/a><\/div><span class=\"title\"><a href=\"https:\/\/pmo.ee\/8454193\" target=\"_blank\" rel=\" noopener\">GALERII \u27e9 Seeme pannakse mulda, kuigi tulu see p\u00f5llumeestele ei too. \u00abKui t\u00f6\u00f6 mind nii ei k\u00f6idaks, oleks loobumine m\u00f5istlik.\u00bb<\/a><\/span><div class=\"rss_content\" style=\"\"><small>on 17.04.2026 at 21:03:00 <\/small><p>Kui eelmistel aastatel tegid p\u00f5llumeestele tuska p\u00f5ud ja liigniiskus, siis t\u00e4navu r\u00f6\u00f6vib \u00f6\u00f6une oluliselt kerkinud k\u00fctuse- ja v\u00e4etisehind. Tulu aga loota pole, sest vilja eest ei maksta rohkem kui mullu.<\/p><\/div><\/li><li  style=\"padding: 15px 0 25px\" class=\"rss_item\"><div class=\"rss_image\" style=\"height:150px;width:150px;\"><a href=\"https:\/\/pmo.ee\/8454502\" target=\"_blank\" rel=\" noopener\" title=\"GALERII, VIDEO \u27e9 Hulk linde sai uue kodu\" style=\"height:150px;width:150px;\"><img decoding=\"async\" src=\"https:\/\/f11.pmo.ee\/UYHZH_2GSg-m7Dyr_ZqJd7bfQfo=\/480x270\/filters:focal(844x537:15x15)\/nginx\/o\/2026\/04\/17\/17569176t1h7c5b.jpg\" title=\"GALERII, VIDEO \u27e9 Hulk linde sai uue kodu\" style=\"height:150px;width:150px;\"><\/a><\/div><span class=\"title\"><a href=\"https:\/\/pmo.ee\/8454502\" target=\"_blank\" rel=\" noopener\">GALERII, VIDEO \u27e9 Hulk linde sai uue kodu<\/a><\/span><div class=\"rss_content\" style=\"\"><small>on 17.04.2026 at 14:04:00 <\/small><p>M\u00f5niste talurahvamuuseumisse kogunes kolmap\u00e4eval 15 meistrimeest ja -naist, et valmistada lindudele pesakaste, mille iga osaleja hiljem koju kaasa sai v\u00f5tta. Meisterdajate seas oli 13 last ja kaks lapsevanemat.<\/p><\/div><\/li><\/ul> <\/div><style type=\"text\/css\" media=\"all\">.feedzy-rss .rss_item .rss_image{float:left;position:relative;border:none;text-decoration:none;max-width:100%}.feedzy-rss .rss_item .rss_image span{display:inline-block;position:absolute;width:100%;height:100%;background-position:50%;background-size:cover}.feedzy-rss .rss_item .rss_image{margin:.3em 1em 0 0;content-visibility:auto}.feedzy-rss ul{list-style:none}.feedzy-rss ul li{display:inline-block}<\/style><\/div>\n<div class='feedzy-lazy' data-feeds=\"https:\/\/lounapostimees.postimees.ee\/rss\/section\/3621\"data-max=\"5\"data-feed_title=\"yes\"data-target=\"_blank\"data-follow=\"\"data-title=\"\"data-meta=\"yes\"data-multiple_meta=\"no\"data-summary=\"yes\"data-summarylength=\"\"data-thumb=\"auto\"data-default=\"\"data-size=\"\"data-aspectRatio=\"1\"data-keywords_title=\"\"data-keywords_inc=\"\"data-keywords_inc_on=\"\"data-keywords_exc_on=\"\"data-refresh=\"6_hours\"data-sort=\"\"data-http=\"auto\"data-error_empty=\"Feed has no items.\"data-amp=\"yes\"data-offset=\"0\"data-lazy=\"yes\"data-_dryrun_=\"no\"data-_dry_run_tags_=\"\"data-from_datetime=\"\"data-to_datetime=\"\"data-disable_default_style=\"no\"data-filters=\"\"data-classname=\"\"data-price=\"yes\"data-columns=\"1\"data-has_valid_cache=\"true\"data-nonce=\"9581bd6b47\"><div class=\"feedzy-b6df40c14c868cfc0f5a30b28495aa55 feedzy-rss\"><div class=\"rss_header\"><h2><a href=\"https:\/\/lounapostimees.postimees.ee\/\" class=\"rss_title\" rel=\"noopener\">Antsla<\/a> <span class=\"rss_description\"> L\u00f5una-Eesti k\u00f5ige kiiremad uudised ja huvitavamad lood! Vaata l\u00e4hemalt.<\/span><\/h2><\/div><ul><li  style=\"padding: 15px 0 25px\" class=\"rss_item\"><div class=\"rss_image\" style=\"height:150px;width:150px;\"><a href=\"https:\/\/pmo.ee\/8461652\" target=\"_blank\" rel=\" noopener\" title=\"Kersti Kond: Auu, Kagu-Eesti on ka olemas!\" style=\"height:150px;width:150px;\"><img decoding=\"async\" src=\"https:\/\/f9.pmo.ee\/PKCz9Ycnl0-SlT1HVkGG-Q7f6Zg=\/480x270\/filters:focal(850x71:4066x3361)\/nginx\/o\/2025\/12\/23\/17356920t1h7d93.jpg\" title=\"Kersti Kond: Auu, Kagu-Eesti on ka olemas!\" style=\"height:150px;width:150px;\"><\/a><\/div><span class=\"title\"><a href=\"https:\/\/pmo.ee\/8461652\" target=\"_blank\" rel=\" noopener\">Kersti Kond: Auu, Kagu-Eesti on ka olemas!<\/a><\/span><div class=\"rss_content\" style=\"\"><small>on 29.04.2026 at 21:03:00 <\/small><p>Uudis, et Ida-Virumaale rajatakse \u00f5iglase \u00fclemineku fondi toel paari aasta jooksul 800 hotellikohta, tegi Kagu-Eesti turismiettev\u00f5tjad ja omavalitsusjuhid n\u00f5utuks. Muidugi, Virumaa vajab tuge, et t\u00f6\u00f6kohti luua ja k\u00fclalisi tuua, kuid majandusn\u00e4itajate poolest kehvemaski seisus Valga-, V\u00f5ru- ja P\u00f5lvamaa vajavad seda ka.<\/p><\/div><\/li><li  style=\"padding: 15px 0 25px\" class=\"rss_item\"><div class=\"rss_image\" style=\"height:150px;width:150px;\"><a href=\"https:\/\/pmo.ee\/8456860\" target=\"_blank\" rel=\" noopener\" title=\"Zooloog Harri Valdmann: tippkiskja inimest ei karda\" style=\"height:150px;width:150px;\"><img decoding=\"async\" src=\"https:\/\/f8.pmo.ee\/_UKifiiJLEUyw8NPKBI6LNBy2ZA=\/480x270\/filters:focal(1960x54:5177x2435)\/nginx\/o\/2026\/04\/22\/17584249t1h2dc5.jpg\" title=\"Zooloog Harri Valdmann: tippkiskja inimest ei karda\" style=\"height:150px;width:150px;\"><\/a><\/div><span class=\"title\"><a href=\"https:\/\/pmo.ee\/8456860\" target=\"_blank\" rel=\" noopener\">Zooloog Harri Valdmann: tippkiskja inimest ei karda<\/a><\/span><div class=\"rss_content\" style=\"\"><small>on 24.04.2026 at 21:03:00 <\/small><p>Karudel l\u00e4heb Eestis h\u00e4sti: nende arvukus kasvab ja poegi on pesakonnas palju. Mida rohkem p\u00e4ntjalgu, seda suurem v\u00f5imalus on inimestel neid kohata nii metsateel kui koduhoovis. Tartu \u00dclikooli selgroogsete zooloogia kaasprofessor Harri Valdmann r\u00e4\u00e4kis, et kui kiskjale liialt l\u00e4hedale sattuda, tunneb ta end ohustatuna ja soovib h\u00e4daohtu k\u00f5rvalda.<\/p><\/div><\/li><li  style=\"padding: 15px 0 25px\" class=\"rss_item\"><div class=\"rss_image\" style=\"height:150px;width:150px;\"><a href=\"https:\/\/pmo.ee\/8459046\" target=\"_blank\" rel=\" noopener\" title=\"Siseminister vaatas muu hulgas \u00fcle Luhamaa juhtimiskeskuse ehituse\" style=\"height:150px;width:150px;\"><img decoding=\"async\" src=\"https:\/\/f9.pmo.ee\/rqxkbEHiLQI_LWLNzw_JwNa-NzQ=\/480x270\/smart\/nginx\/o\/2026\/04\/24\/17590001t1h5da7.jpg\" title=\"Siseminister vaatas muu hulgas \u00fcle Luhamaa juhtimiskeskuse ehituse\" style=\"height:150px;width:150px;\"><\/a><\/div><span class=\"title\"><a href=\"https:\/\/pmo.ee\/8459046\" target=\"_blank\" rel=\" noopener\">Siseminister vaatas muu hulgas \u00fcle Luhamaa juhtimiskeskuse ehituse<\/a><\/span><div class=\"rss_content\" style=\"\"><small>on 24.04.2026 at 15:06:38 <\/small><p>Siseminister Igar Taro vaatas t\u00e4na muu hulgas \u00fcle Luhamaa juhtimiskeskuse ehituse, mis hakkab ilmet v\u00f5tma ning aasta l\u00f5puks majutab kogu \u201crohelise\u201d piiri seire.<\/p><\/div><\/li><li  style=\"padding: 15px 0 25px\" class=\"rss_item\"><div class=\"rss_image\" style=\"height:150px;width:150px;\"><a href=\"https:\/\/pmo.ee\/8454193\" target=\"_blank\" rel=\" noopener\" title=\"GALERII \u27e9 Seeme pannakse mulda, kuigi tulu see p\u00f5llumeestele ei too. \u00abKui t\u00f6\u00f6 mind nii ei k\u00f6idaks, oleks loobumine m\u00f5istlik.\u00bb\" style=\"height:150px;width:150px;\"><img decoding=\"async\" src=\"https:\/\/f10.pmo.ee\/BOb3RcYItcdsCdnjR55ifxQOBSw=\/480x270\/filters:focal(2126x625:5288x3174)\/nginx\/o\/2026\/04\/17\/17568087t1h55ad.jpg\" title=\"GALERII \u27e9 Seeme pannakse mulda, kuigi tulu see p\u00f5llumeestele ei too. \u00abKui t\u00f6\u00f6 mind nii ei k\u00f6idaks, oleks loobumine m\u00f5istlik.\u00bb\" style=\"height:150px;width:150px;\"><\/a><\/div><span class=\"title\"><a href=\"https:\/\/pmo.ee\/8454193\" target=\"_blank\" rel=\" noopener\">GALERII \u27e9 Seeme pannakse mulda, kuigi tulu see p\u00f5llumeestele ei too. \u00abKui t\u00f6\u00f6 mind nii ei k\u00f6idaks, oleks loobumine m\u00f5istlik.\u00bb<\/a><\/span><div class=\"rss_content\" style=\"\"><small>on 17.04.2026 at 21:03:00 <\/small><p>Kui eelmistel aastatel tegid p\u00f5llumeestele tuska p\u00f5ud ja liigniiskus, siis t\u00e4navu r\u00f6\u00f6vib \u00f6\u00f6une oluliselt kerkinud k\u00fctuse- ja v\u00e4etisehind. Tulu aga loota pole, sest vilja eest ei maksta rohkem kui mullu.<\/p><\/div><\/li><li  style=\"padding: 15px 0 25px\" class=\"rss_item\"><div class=\"rss_image\" style=\"height:150px;width:150px;\"><a href=\"https:\/\/pmo.ee\/8453591\" target=\"_blank\" rel=\" noopener\" title=\"Tuulega kandunud s\u00e4demed s\u00fc\u00fctasid metsaaluse\" style=\"height:150px;width:150px;\"><img decoding=\"async\" src=\"https:\/\/f7.pmo.ee\/cIWXvawv05ZibXuI1nr98BkGT6k=\/480x270\/smart\/nginx\/o\/2026\/04\/16\/17566531t1h49bd.jpg\" title=\"Tuulega kandunud s\u00e4demed s\u00fc\u00fctasid metsaaluse\" style=\"height:150px;width:150px;\"><\/a><\/div><span class=\"title\"><a href=\"https:\/\/pmo.ee\/8453591\" target=\"_blank\" rel=\" noopener\">Tuulega kandunud s\u00e4demed s\u00fc\u00fctasid metsaaluse<\/a><\/span><div class=\"rss_content\" style=\"\"><small>on 16.04.2026 at 10:26:35 <\/small><p>P\u00f5lva vallas Uibuj\u00e4rve k\u00fclas ei j\u00e4\u00e4nud palju puudu sellest, et kontrolli alt v\u00e4ljunud l\u00f5ke v\u00f5inuks s\u00fc\u00fcdata ka metsa.<\/p><\/div><\/li><\/ul> <\/div><style type=\"text\/css\" media=\"all\">.feedzy-rss .rss_item .rss_image{float:left;position:relative;border:none;text-decoration:none;max-width:100%}.feedzy-rss .rss_item .rss_image span{display:inline-block;position:absolute;width:100%;height:100%;background-position:50%;background-size:cover}.feedzy-rss .rss_item .rss_image{margin:.3em 1em 0 0;content-visibility:auto}.feedzy-rss ul{list-style:none}.feedzy-rss ul li{display:inline-block}<\/style><\/div>\n<div class='feedzy-lazy' data-feeds=\"https:\/\/lounapostimees.postimees.ee\/rss\/section\/3619\"data-max=\"5\"data-feed_title=\"yes\"data-target=\"_blank\"data-follow=\"\"data-title=\"\"data-meta=\"yes\"data-multiple_meta=\"no\"data-summary=\"yes\"data-summarylength=\"\"data-thumb=\"auto\"data-default=\"\"data-size=\"\"data-aspectRatio=\"1\"data-keywords_title=\"\"data-keywords_inc=\"\"data-keywords_inc_on=\"\"data-keywords_exc_on=\"\"data-refresh=\"6_hours\"data-sort=\"\"data-http=\"auto\"data-error_empty=\"Feed has no items.\"data-amp=\"yes\"data-offset=\"0\"data-lazy=\"yes\"data-_dryrun_=\"no\"data-_dry_run_tags_=\"\"data-from_datetime=\"\"data-to_datetime=\"\"data-disable_default_style=\"no\"data-filters=\"\"data-classname=\"\"data-price=\"yes\"data-columns=\"1\"data-has_valid_cache=\"true\"data-nonce=\"6c6ed3da5f\"><div class=\"feedzy-962c03765db611f9fb43ef1ca8edc4c5 feedzy-rss\"><div class=\"rss_header\"><h2><a href=\"https:\/\/lounapostimees.postimees.ee\/\" class=\"rss_title\" rel=\"noopener\">Vastseliina<\/a> <span class=\"rss_description\"> L\u00f5una-Eesti k\u00f5ige kiiremad uudised ja huvitavamad lood! Vaata l\u00e4hemalt.<\/span><\/h2><\/div><ul><li  style=\"padding: 15px 0 25px\" class=\"rss_item\"><div class=\"rss_image\" style=\"height:150px;width:150px;\"><a href=\"https:\/\/pmo.ee\/8461652\" target=\"_blank\" rel=\" noopener\" title=\"Kersti Kond: Auu, Kagu-Eesti on ka olemas!\" style=\"height:150px;width:150px;\"><img decoding=\"async\" src=\"https:\/\/f9.pmo.ee\/PKCz9Ycnl0-SlT1HVkGG-Q7f6Zg=\/480x270\/filters:focal(850x71:4066x3361)\/nginx\/o\/2025\/12\/23\/17356920t1h7d93.jpg\" title=\"Kersti Kond: Auu, Kagu-Eesti on ka olemas!\" style=\"height:150px;width:150px;\"><\/a><\/div><span class=\"title\"><a href=\"https:\/\/pmo.ee\/8461652\" target=\"_blank\" rel=\" noopener\">Kersti Kond: Auu, Kagu-Eesti on ka olemas!<\/a><\/span><div class=\"rss_content\" style=\"\"><small>on 29.04.2026 at 21:03:00 <\/small><p>Uudis, et Ida-Virumaale rajatakse \u00f5iglase \u00fclemineku fondi toel paari aasta jooksul 800 hotellikohta, tegi Kagu-Eesti turismiettev\u00f5tjad ja omavalitsusjuhid n\u00f5utuks. Muidugi, Virumaa vajab tuge, et t\u00f6\u00f6kohti luua ja k\u00fclalisi tuua, kuid majandusn\u00e4itajate poolest kehvemaski seisus Valga-, V\u00f5ru- ja P\u00f5lvamaa vajavad seda ka.<\/p><\/div><\/li><li  style=\"padding: 15px 0 25px\" class=\"rss_item\"><div class=\"rss_image\" style=\"height:150px;width:150px;\"><a href=\"https:\/\/pmo.ee\/8456860\" target=\"_blank\" rel=\" noopener\" title=\"Zooloog Harri Valdmann: tippkiskja inimest ei karda\" style=\"height:150px;width:150px;\"><img decoding=\"async\" src=\"https:\/\/f8.pmo.ee\/_UKifiiJLEUyw8NPKBI6LNBy2ZA=\/480x270\/filters:focal(1960x54:5177x2435)\/nginx\/o\/2026\/04\/22\/17584249t1h2dc5.jpg\" title=\"Zooloog Harri Valdmann: tippkiskja inimest ei karda\" style=\"height:150px;width:150px;\"><\/a><\/div><span class=\"title\"><a href=\"https:\/\/pmo.ee\/8456860\" target=\"_blank\" rel=\" noopener\">Zooloog Harri Valdmann: tippkiskja inimest ei karda<\/a><\/span><div class=\"rss_content\" style=\"\"><small>on 24.04.2026 at 21:03:00 <\/small><p>Karudel l\u00e4heb Eestis h\u00e4sti: nende arvukus kasvab ja poegi on pesakonnas palju. Mida rohkem p\u00e4ntjalgu, seda suurem v\u00f5imalus on inimestel neid kohata nii metsateel kui koduhoovis. Tartu \u00dclikooli selgroogsete zooloogia kaasprofessor Harri Valdmann r\u00e4\u00e4kis, et kui kiskjale liialt l\u00e4hedale sattuda, tunneb ta end ohustatuna ja soovib h\u00e4daohtu k\u00f5rvalda.<\/p><\/div><\/li><li  style=\"padding: 15px 0 25px\" class=\"rss_item\"><div class=\"rss_image\" style=\"height:150px;width:150px;\"><a href=\"https:\/\/pmo.ee\/8454193\" target=\"_blank\" rel=\" noopener\" title=\"GALERII \u27e9 Seeme pannakse mulda, kuigi tulu see p\u00f5llumeestele ei too. \u00abKui t\u00f6\u00f6 mind nii ei k\u00f6idaks, oleks loobumine m\u00f5istlik.\u00bb\" style=\"height:150px;width:150px;\"><img decoding=\"async\" src=\"https:\/\/f10.pmo.ee\/BOb3RcYItcdsCdnjR55ifxQOBSw=\/480x270\/filters:focal(2126x625:5288x3174)\/nginx\/o\/2026\/04\/17\/17568087t1h55ad.jpg\" title=\"GALERII \u27e9 Seeme pannakse mulda, kuigi tulu see p\u00f5llumeestele ei too. \u00abKui t\u00f6\u00f6 mind nii ei k\u00f6idaks, oleks loobumine m\u00f5istlik.\u00bb\" style=\"height:150px;width:150px;\"><\/a><\/div><span class=\"title\"><a href=\"https:\/\/pmo.ee\/8454193\" target=\"_blank\" rel=\" noopener\">GALERII \u27e9 Seeme pannakse mulda, kuigi tulu see p\u00f5llumeestele ei too. \u00abKui t\u00f6\u00f6 mind nii ei k\u00f6idaks, oleks loobumine m\u00f5istlik.\u00bb<\/a><\/span><div class=\"rss_content\" style=\"\"><small>on 17.04.2026 at 21:03:00 <\/small><p>Kui eelmistel aastatel tegid p\u00f5llumeestele tuska p\u00f5ud ja liigniiskus, siis t\u00e4navu r\u00f6\u00f6vib \u00f6\u00f6une oluliselt kerkinud k\u00fctuse- ja v\u00e4etisehind. Tulu aga loota pole, sest vilja eest ei maksta rohkem kui mullu.<\/p><\/div><\/li><li  style=\"padding: 15px 0 25px\" class=\"rss_item\"><div class=\"rss_image\" style=\"height:150px;width:150px;\"><a href=\"https:\/\/pmo.ee\/8451601\" target=\"_blank\" rel=\" noopener\" title=\"V\u00f5rumaal s\u00f5itis auto kraavi\" style=\"height:150px;width:150px;\"><img decoding=\"async\" src=\"https:\/\/f9.pmo.ee\/iPllmZzgq9HtUOgt2w_GSq0hr3g=\/480x270\/filters:focal(59x490:3161x2144)\/nginx\/o\/2023\/08\/12\/15516749t1h5e4a.jpg\" title=\"V\u00f5rumaal s\u00f5itis auto kraavi\" style=\"height:150px;width:150px;\"><\/a><\/div><span class=\"title\"><a href=\"https:\/\/pmo.ee\/8451601\" target=\"_blank\" rel=\" noopener\">V\u00f5rumaal s\u00f5itis auto kraavi<\/a><\/span><div class=\"rss_content\" style=\"\"><small>on 13.04.2026 at 13:48:06 <\/small><p>T\u00e4na kell 14.52 sai politsei teate, et V\u00f5rumaal Vana-Vastseliina k\u00fclas on s\u00f5iduautot BMW juhtinud 32-aastane naine s\u00f5itnud teelt v\u00e4lja.<\/p><\/div><\/li><li  style=\"padding: 15px 0 25px\" class=\"rss_item\"><div class=\"rss_image\" style=\"height:150px;width:150px;\"><a href=\"https:\/\/pmo.ee\/8450169\" target=\"_blank\" rel=\" noopener\" title=\"Kuhu minna n\u00e4dalavahetusel L\u00f5una-Eestis?\" style=\"height:150px;width:150px;\"><img decoding=\"async\" src=\"https:\/\/f10.pmo.ee\/DBhOBVOC0cWGhYcaU7mSZGVUH7A=\/480x270\/smart\/nginx\/o\/2026\/04\/10\/17555659t1hddb4.jpg\" title=\"Kuhu minna n\u00e4dalavahetusel L\u00f5una-Eestis?\" style=\"height:150px;width:150px;\"><\/a><\/div><span class=\"title\"><a href=\"https:\/\/pmo.ee\/8450169\" target=\"_blank\" rel=\" noopener\">Kuhu minna n\u00e4dalavahetusel L\u00f5una-Eestis?<\/a><\/span><div class=\"rss_content\" style=\"\"><small>on 10.04.2026 at 13:42:00 <\/small><p>Mida p\u00f5nevat on n\u00e4dalavahetusel ja sellele j\u00e4rgnevatel p\u00e4evadel toimumas P\u00f5lva, Valga ja V\u00f5ru maakonnas?<\/p><\/div><\/li><\/ul> <\/div><style type=\"text\/css\" media=\"all\">.feedzy-rss .rss_item .rss_image{float:left;position:relative;border:none;text-decoration:none;max-width:100%}.feedzy-rss .rss_item .rss_image span{display:inline-block;position:absolute;width:100%;height:100%;background-position:50%;background-size:cover}.feedzy-rss .rss_item .rss_image{margin:.3em 1em 0 0;content-visibility:auto}.feedzy-rss ul{list-style:none}.feedzy-rss ul li{display:inline-block}<\/style><\/div>\n<div class='feedzy-lazy' data-feeds=\"https:\/\/lounapostimees.postimees.ee\/rss\/section\/3625\"data-max=\"10\"data-feed_title=\"yes\"data-target=\"_blank\"data-follow=\"\"data-title=\"\"data-meta=\"yes\"data-multiple_meta=\"no\"data-summary=\"yes\"data-summarylength=\"\"data-thumb=\"auto\"data-default=\"\"data-size=\"\"data-aspectRatio=\"1\"data-keywords_title=\"\"data-keywords_inc=\"\"data-keywords_inc_on=\"\"data-keywords_exc_on=\"\"data-refresh=\"6_hours\"data-sort=\"\"data-http=\"auto\"data-error_empty=\"Feed has no items.\"data-amp=\"yes\"data-offset=\"0\"data-lazy=\"yes\"data-_dryrun_=\"no\"data-_dry_run_tags_=\"\"data-from_datetime=\"\"data-to_datetime=\"\"data-disable_default_style=\"no\"data-filters=\"\"data-classname=\"\"data-price=\"yes\"data-columns=\"1\"data-has_valid_cache=\"true\"data-nonce=\"c2e27c275e\"><div class=\"feedzy-73a6c6877c087d4031efb8bbfcc41db2 feedzy-rss\"><div class=\"rss_header\"><h2><a href=\"https:\/\/lounapostimees.postimees.ee\/\" class=\"rss_title\" rel=\"noopener\">Setomaa<\/a> <span class=\"rss_description\"> L\u00f5una-Eesti k\u00f5ige kiiremad uudised ja huvitavamad lood! Vaata l\u00e4hemalt.<\/span><\/h2><\/div><ul><li  style=\"padding: 15px 0 25px\" class=\"rss_item\"><div class=\"rss_image\" style=\"height:150px;width:150px;\"><a href=\"https:\/\/pmo.ee\/8462821\" target=\"_blank\" rel=\" noopener\" title=\"Setomaal valmis Eestis ainulaadne p\u00e4ikesepark\" style=\"height:150px;width:150px;\"><img decoding=\"async\" src=\"https:\/\/f7.pmo.ee\/u6iAw3WSKfI2V0LoHx-ssD1oE14=\/480x270\/smart\/nginx\/o\/2026\/04\/30\/17604672t1hd62a.jpg\" title=\"Setomaal valmis Eestis ainulaadne p\u00e4ikesepark\" style=\"height:150px;width:150px;\"><\/a><\/div><span class=\"title\"><a href=\"https:\/\/pmo.ee\/8462821\" target=\"_blank\" rel=\" noopener\">Setomaal valmis Eestis ainulaadne p\u00e4ikesepark<\/a><\/span><div class=\"rss_content\" style=\"\"><small>on 30.04.2026 at 18:58:54 <\/small><p>Obinitsas avati neljap\u00e4eval Eestis esimene \u00fchistuline, kohaliku kogukonna poolt rajatud p\u00e4ikesepark, mis hakkab elektriga varustama siinset L\u00f5una-Eesti aiasaaduste v\u00e4\u00e4rindamiskeskust ning sillutab teed kogukonnaenergeetika arengule kogu Eestis.<\/p><\/div><\/li><li  style=\"padding: 15px 0 25px\" class=\"rss_item\"><div class=\"rss_image\" style=\"height:150px;width:150px;\"><a href=\"https:\/\/pmo.ee\/8462643\" target=\"_blank\" rel=\" noopener\" title=\"Setomaa lapsed l\u00f5id oma v\u00e4ikese kuningriigi\" style=\"height:150px;width:150px;\"><img decoding=\"async\" src=\"https:\/\/f12.pmo.ee\/MeLg_Afz8Vg0uI_KKnz2diKfR0o=\/480x270\/smart\/nginx\/o\/2026\/04\/30\/17603582t1h2239.jpg\" title=\"Setomaa lapsed l\u00f5id oma v\u00e4ikese kuningriigi\" style=\"height:150px;width:150px;\"><\/a><\/div><span class=\"title\"><a href=\"https:\/\/pmo.ee\/8462643\" target=\"_blank\" rel=\" noopener\">Setomaa lapsed l\u00f5id oma v\u00e4ikese kuningriigi<\/a><\/span><div class=\"rss_content\" style=\"\"><small>on 30.04.2026 at 13:00:15 <\/small><p>Mikitam\u00e4e Savioru plats oli neljap\u00e4eval laste kisa ja kilkeid t\u00e4is, kui toimus Setomaa lasteaia V\u00e4iko Latsip\u00e4iv \u2013 eelsoojendusena t\u00e4navu samas kohas toimuvale Seto kuningriigile.<\/p><\/div><\/li><li  style=\"padding: 15px 0 25px\" class=\"rss_item\"><div class=\"rss_image\" style=\"height:150px;width:150px;\"><a href=\"https:\/\/pmo.ee\/8462014\" target=\"_blank\" rel=\" noopener\" title=\"Taastatav kaitsev\u00e4e ajalooline Seitsmem\u00e4gi vajab kive\" style=\"height:150px;width:150px;\"><img decoding=\"async\" src=\"https:\/\/f11.pmo.ee\/THOaM6rT27X4oD5VbWRjoyn4X2I=\/480x270\/filters:focal(748x360:15x15)\/nginx\/o\/2026\/04\/29\/17601515t1h130b.jpg\" title=\"Taastatav kaitsev\u00e4e ajalooline Seitsmem\u00e4gi vajab kive\" style=\"height:150px;width:150px;\"><\/a><\/div><span class=\"title\"><a href=\"https:\/\/pmo.ee\/8462014\" target=\"_blank\" rel=\" noopener\">Taastatav kaitsev\u00e4e ajalooline Seitsmem\u00e4gi vajab kive<\/a><\/span><div class=\"rss_content\" style=\"\"><small>on 29.04.2026 at 21:07:00 <\/small><p>Setomaa vald taastab koost\u00f6\u00f6s riigimetsa majandamise keskuse (RMK) ja kaitsev\u00e4ega kunagist Petseri L\u00f5unalaagri Seitsmem\u00e4ge.<\/p><\/div><\/li><li  style=\"padding: 15px 0 25px\" class=\"rss_item\"><div class=\"rss_image\" style=\"height:150px;width:150px;\"><a href=\"https:\/\/pmo.ee\/8461652\" target=\"_blank\" rel=\" noopener\" title=\"Kersti Kond: Auu, Kagu-Eesti on ka olemas!\" style=\"height:150px;width:150px;\"><img decoding=\"async\" src=\"https:\/\/f9.pmo.ee\/PKCz9Ycnl0-SlT1HVkGG-Q7f6Zg=\/480x270\/filters:focal(850x71:4066x3361)\/nginx\/o\/2025\/12\/23\/17356920t1h7d93.jpg\" title=\"Kersti Kond: Auu, Kagu-Eesti on ka olemas!\" style=\"height:150px;width:150px;\"><\/a><\/div><span class=\"title\"><a href=\"https:\/\/pmo.ee\/8461652\" target=\"_blank\" rel=\" noopener\">Kersti Kond: Auu, Kagu-Eesti on ka olemas!<\/a><\/span><div class=\"rss_content\" style=\"\"><small>on 29.04.2026 at 21:03:00 <\/small><p>Uudis, et Ida-Virumaale rajatakse \u00f5iglase \u00fclemineku fondi toel paari aasta jooksul 800 hotellikohta, tegi Kagu-Eesti turismiettev\u00f5tjad ja omavalitsusjuhid n\u00f5utuks. Muidugi, Virumaa vajab tuge, et t\u00f6\u00f6kohti luua ja k\u00fclalisi tuua, kuid majandusn\u00e4itajate poolest kehvemaski seisus Valga-, V\u00f5ru- ja P\u00f5lvamaa vajavad seda ka.<\/p><\/div><\/li><li  style=\"padding: 15px 0 25px\" class=\"rss_item\"><div class=\"rss_image\" style=\"height:150px;width:150px;\"><a href=\"https:\/\/pmo.ee\/8462006\" target=\"_blank\" rel=\" noopener\" title=\"Peagi stardib kultuurifestival Rattafest\" style=\"height:150px;width:150px;\"><img decoding=\"async\" src=\"https:\/\/f11.pmo.ee\/TWHzjTWuGyhaMP5SEdmhIYQTd0k=\/480x270\/filters:focal(806x396:15x15)\/nginx\/o\/2026\/04\/29\/17601504t1h47f1.jpg\" title=\"Peagi stardib kultuurifestival Rattafest\" style=\"height:150px;width:150px;\"><\/a><\/div><span class=\"title\"><a href=\"https:\/\/pmo.ee\/8462006\" target=\"_blank\" rel=\" noopener\">Peagi stardib kultuurifestival Rattafest<\/a><\/span><div class=\"rss_content\" style=\"\"><small>on 29.04.2026 at 21:01:00 <\/small><p>Setomaa kuppelmaastikud vallutab peagi uus kultuurifestival Rattafest, mis kestab 15.\u201317. maini. S\u00fcndmuse keskmes on 130-kilomeetrine r\u00e4nnak m\u00f6\u00f6da piiri\u00e4\u00e4rseid alasid, mis pakub 2000 osalejale v\u00f5imalust avastada Setomaad ja piiri\u00e4\u00e4rset elulaadi selle k\u00f5ige ehedamal kujul.<\/p><\/div><\/li><li  style=\"padding: 15px 0 25px\" class=\"rss_item\"><div class=\"rss_image\" style=\"height:150px;width:150px;\"><a href=\"https:\/\/pmo.ee\/8461176\" target=\"_blank\" rel=\" noopener\" title=\"Piiriribal peeti kinni kolm inimest\" style=\"height:150px;width:150px;\"><img decoding=\"async\" src=\"https:\/\/f7.pmo.ee\/n6JCazk4XFIEoHRfGFLlsstTgvw=\/480x270\/smart\/nginx\/o\/2026\/04\/28\/17598895t1h9222.jpg\" title=\"Piiriribal peeti kinni kolm inimest\" style=\"height:150px;width:150px;\"><\/a><\/div><span class=\"title\"><a href=\"https:\/\/pmo.ee\/8461176\" target=\"_blank\" rel=\" noopener\">Piiriribal peeti kinni kolm inimest<\/a><\/span><div class=\"rss_content\" style=\"\"><small>on 28.04.2026 at 14:43:01 <\/small><p>Piirivalve fikseeris 27. aprillil Setomaa vallas kolme inimese viibimise piiriribal.<\/p><\/div><\/li><li  style=\"padding: 15px 0 25px\" class=\"rss_item\"><div class=\"rss_image\" style=\"height:150px;width:150px;\"><a href=\"https:\/\/pmo.ee\/8460597\" target=\"_blank\" rel=\" noopener\" title=\"Tolliametnikud pidasid kinni sigarette ja alkoholi\" style=\"height:150px;width:150px;\"><img decoding=\"async\" src=\"https:\/\/f7.pmo.ee\/e1aplJhi99y7tf75VKnjERXQpOY=\/480x270\/smart\/nginx\/o\/2026\/04\/28\/17597355t1h29cf.jpg\" title=\"Tolliametnikud pidasid kinni sigarette ja alkoholi\" style=\"height:150px;width:150px;\"><\/a><\/div><span class=\"title\"><a href=\"https:\/\/pmo.ee\/8460597\" target=\"_blank\" rel=\" noopener\">Tolliametnikud pidasid kinni sigarette ja alkoholi<\/a><\/span><div class=\"rss_content\" style=\"\"><small>on 28.04.2026 at 04:24:03 <\/small><p>Eesti kagunurga tollipunktides peeti eelmisel n\u00e4dalal kinni nii sigarette kui ka alkoholi. Rikkumistega j\u00e4id vahele nii Venemaa, L\u00e4ti kui ka P\u00f5hja-Makedoonia kodanik.<\/p><\/div><\/li><li  style=\"padding: 15px 0 25px\" class=\"rss_item\"><div class=\"rss_image\" style=\"height:150px;width:150px;\"><a href=\"https:\/\/pmo.ee\/8460367\" target=\"_blank\" rel=\" noopener\" title=\"Maha kukkunud elektriliin s\u00fc\u00fctas kulu\" style=\"height:150px;width:150px;\"><img decoding=\"async\" src=\"https:\/\/f7.pmo.ee\/fBTjUeXtvKV9mfpdy_K91LUrCWs=\/480x270\/smart\/nginx\/o\/2026\/04\/24\/17588839t1h6473.jpg\" title=\"Maha kukkunud elektriliin s\u00fc\u00fctas kulu\" style=\"height:150px;width:150px;\"><\/a><\/div><span class=\"title\"><a href=\"https:\/\/pmo.ee\/8460367\" target=\"_blank\" rel=\" noopener\">Maha kukkunud elektriliin s\u00fc\u00fctas kulu<\/a><\/span><div class=\"rss_content\" style=\"\"><small>on 27.04.2026 at 14:03:15 <\/small><p>Esmasp\u00e4eval veerand kolme ajal p\u00e4eval said p\u00e4\u00e4stjad v\u00e4ljakutse Setomaa valda Ulitina k\u00fclla, kus tugev tuul oli murdnud puu elektriliinile, mis maapinnale kukkudes s\u00fc\u00fctas kulu.<\/p><\/div><\/li><li  style=\"padding: 15px 0 25px\" class=\"rss_item\"><div class=\"rss_image\" style=\"height:150px;width:150px;\"><a href=\"https:\/\/pmo.ee\/8456860\" target=\"_blank\" rel=\" noopener\" title=\"Zooloog Harri Valdmann: tippkiskja inimest ei karda\" style=\"height:150px;width:150px;\"><img decoding=\"async\" src=\"https:\/\/f8.pmo.ee\/_UKifiiJLEUyw8NPKBI6LNBy2ZA=\/480x270\/filters:focal(1960x54:5177x2435)\/nginx\/o\/2026\/04\/22\/17584249t1h2dc5.jpg\" title=\"Zooloog Harri Valdmann: tippkiskja inimest ei karda\" style=\"height:150px;width:150px;\"><\/a><\/div><span class=\"title\"><a href=\"https:\/\/pmo.ee\/8456860\" target=\"_blank\" rel=\" noopener\">Zooloog Harri Valdmann: tippkiskja inimest ei karda<\/a><\/span><div class=\"rss_content\" style=\"\"><small>on 24.04.2026 at 21:03:00 <\/small><p>Karudel l\u00e4heb Eestis h\u00e4sti: nende arvukus kasvab ja poegi on pesakonnas palju. Mida rohkem p\u00e4ntjalgu, seda suurem v\u00f5imalus on inimestel neid kohata nii metsateel kui koduhoovis. Tartu \u00dclikooli selgroogsete zooloogia kaasprofessor Harri Valdmann r\u00e4\u00e4kis, et kui kiskjale liialt l\u00e4hedale sattuda, tunneb ta end ohustatuna ja soovib h\u00e4daohtu k\u00f5rvalda.<\/p><\/div><\/li><li  style=\"padding: 15px 0 25px\" class=\"rss_item\"><div class=\"rss_image\" style=\"height:150px;width:150px;\"><a href=\"https:\/\/pmo.ee\/8459046\" target=\"_blank\" rel=\" noopener\" title=\"Siseminister vaatas muu hulgas \u00fcle Luhamaa juhtimiskeskuse ehituse\" style=\"height:150px;width:150px;\"><img decoding=\"async\" src=\"https:\/\/f9.pmo.ee\/rqxkbEHiLQI_LWLNzw_JwNa-NzQ=\/480x270\/smart\/nginx\/o\/2026\/04\/24\/17590001t1h5da7.jpg\" title=\"Siseminister vaatas muu hulgas \u00fcle Luhamaa juhtimiskeskuse ehituse\" style=\"height:150px;width:150px;\"><\/a><\/div><span class=\"title\"><a href=\"https:\/\/pmo.ee\/8459046\" target=\"_blank\" rel=\" noopener\">Siseminister vaatas muu hulgas \u00fcle Luhamaa juhtimiskeskuse ehituse<\/a><\/span><div class=\"rss_content\" style=\"\"><small>on 24.04.2026 at 15:06:38 <\/small><p>Siseminister Igar Taro vaatas t\u00e4na muu hulgas \u00fcle Luhamaa juhtimiskeskuse ehituse, mis hakkab ilmet v\u00f5tma ning aasta l\u00f5puks majutab kogu \u201crohelise\u201d piiri seire.<\/p><\/div><\/li><\/ul> <\/div><style type=\"text\/css\" media=\"all\">.feedzy-rss .rss_item .rss_image{float:left;position:relative;border:none;text-decoration:none;max-width:100%}.feedzy-rss .rss_item .rss_image span{display:inline-block;position:absolute;width:100%;height:100%;background-position:50%;background-size:cover}.feedzy-rss .rss_item .rss_image{margin:.3em 1em 0 0;content-visibility:auto}.feedzy-rss ul{list-style:none}.feedzy-rss ul li{display:inline-block}<\/style><\/div>\n<div class='feedzy-lazy' data-feeds=\"https:\/\/lounapostimees.postimees.ee\/rss\/section\/3627\"data-max=\"10\"data-feed_title=\"yes\"data-target=\"_blank\"data-follow=\"\"data-title=\"\"data-meta=\"yes\"data-multiple_meta=\"no\"data-summary=\"yes\"data-summarylength=\"\"data-thumb=\"auto\"data-default=\"\"data-size=\"\"data-aspectRatio=\"1\"data-keywords_title=\"\"data-keywords_inc=\"\"data-keywords_inc_on=\"\"data-keywords_exc_on=\"\"data-refresh=\"6_hours\"data-sort=\"\"data-http=\"auto\"data-error_empty=\"Feed has no items.\"data-amp=\"yes\"data-offset=\"0\"data-lazy=\"yes\"data-_dryrun_=\"no\"data-_dry_run_tags_=\"\"data-from_datetime=\"\"data-to_datetime=\"\"data-disable_default_style=\"no\"data-filters=\"\"data-classname=\"\"data-price=\"yes\"data-columns=\"1\"data-has_valid_cache=\"true\"data-nonce=\"dedfc6ac87\"><div class=\"feedzy-2b3aebcc9998bf3a8a85b2e8958cc3ed feedzy-rss\"><div class=\"rss_header\"><h2><a href=\"https:\/\/lounapostimees.postimees.ee\/\" class=\"rss_title\" rel=\"noopener\">P\u00f5lva<\/a> <span class=\"rss_description\"> L\u00f5una-Eesti k\u00f5ige kiiremad uudised ja huvitavamad lood! Vaata l\u00e4hemalt.<\/span><\/h2><\/div><ul><li  style=\"padding: 15px 0 25px\" class=\"rss_item\"><div class=\"rss_image\" style=\"height:150px;width:150px;\"><a href=\"https:\/\/pmo.ee\/8463379\" target=\"_blank\" rel=\" noopener\" title=\"FOTOD S\u00dcNDMUSKOHALT \u27e9 L\u00e4bi k\u00f5rvalhoone elumajja kihutanud 18-aastane noormees hukkus\" style=\"height:150px;width:150px;\"><img decoding=\"async\" src=\"https:\/\/f12.pmo.ee\/otE9vxkUI1RQQZdHrlsAiGQbx88=\/480x270\/smart\/nginx\/o\/2026\/05\/02\/17607648t1h8c69.jpg\" title=\"FOTOD S\u00dcNDMUSKOHALT \u27e9 L\u00e4bi k\u00f5rvalhoone elumajja kihutanud 18-aastane noormees hukkus\" style=\"height:150px;width:150px;\"><\/a><\/div><span class=\"title\"><a href=\"https:\/\/pmo.ee\/8463379\" target=\"_blank\" rel=\" noopener\">FOTOD S\u00dcNDMUSKOHALT \u27e9 L\u00e4bi k\u00f5rvalhoone elumajja kihutanud 18-aastane noormees hukkus<\/a><\/span><div class=\"rss_content\" style=\"\"><small>on 02.05.2026 at 11:54:57 <\/small><p>Laup\u00e4eva hommikul poole \u00fcheteistk\u00fcmne ajal juhtus P\u00f5lvamaal Vana-Koiola k\u00fclas raske liiklus\u00f5nnetus, kus hukkus Audit juhtinud 18-aastane noormees.<\/p><\/div><\/li><li  style=\"padding: 15px 0 25px\" class=\"rss_item\"><div class=\"rss_image\" style=\"height:150px;width:150px;\"><a href=\"https:\/\/pmo.ee\/8463312\" target=\"_blank\" rel=\" noopener\" title=\"P\u00f5lvamaal hukkus liiklus\u00f5nnetuses inimene\" style=\"height:150px;width:150px;\"><img decoding=\"async\" src=\"https:\/\/f9.pmo.ee\/LOrQkfnq11bDn2Zs4yQBOs9Snzg=\/480x270\/filters:focal(303x1194:3101x2434)\/nginx\/o\/2026\/04\/21\/17583588t1hb1fa.jpg\" title=\"P\u00f5lvamaal hukkus liiklus\u00f5nnetuses inimene\" style=\"height:150px;width:150px;\"><\/a><\/div><span class=\"title\"><a href=\"https:\/\/pmo.ee\/8463312\" target=\"_blank\" rel=\" noopener\">P\u00f5lvamaal hukkus liiklus\u00f5nnetuses inimene<\/a><\/span><div class=\"rss_content\" style=\"\"><small>on 02.05.2026 at 08:38:53 <\/small><p>Laup\u00e4eval kell 10.29 sai h\u00e4irekeskus teate raskest liiklus\u00f5nnetusest P\u00f5lva maakonnas Vana-Koiola k\u00fclas, kus hukkus inimene.<\/p><\/div><\/li><li  style=\"padding: 15px 0 25px\" class=\"rss_item\"><div class=\"rss_image\" style=\"height:150px;width:150px;\"><a href=\"https:\/\/pmo.ee\/8462209\" target=\"_blank\" rel=\" noopener\" title=\"Omniva k\u00fcsib kogukondadelt, kuhu paigaldada veel pakiautomaate\" style=\"height:150px;width:150px;\"><img decoding=\"async\" src=\"https:\/\/f10.pmo.ee\/p3Ohq3eJu0-LFEWoKWpIrr1TClM=\/480x270\/smart\/nginx\/o\/2026\/04\/30\/17602131t1hf59b.jpg\" title=\"Omniva k\u00fcsib kogukondadelt, kuhu paigaldada veel pakiautomaate\" style=\"height:150px;width:150px;\"><\/a><\/div><span class=\"title\"><a href=\"https:\/\/pmo.ee\/8462209\" target=\"_blank\" rel=\" noopener\">Omniva k\u00fcsib kogukondadelt, kuhu paigaldada veel pakiautomaate<\/a><\/span><div class=\"rss_content\" style=\"\"><small>on 30.04.2026 at 06:01:15 <\/small><p>Pakiautomaatide v\u00f5rgustiku laiendamist alustanud Omniva ootab n\u00fc\u00fcd kogukondade soovitusi, millistesse asukohtadesse oleks automaati veel tarvis.<\/p><\/div><\/li><li  style=\"padding: 15px 0 25px\" class=\"rss_item\"><div class=\"rss_image\" style=\"height:150px;width:150px;\"><a href=\"https:\/\/pmo.ee\/8462023\" target=\"_blank\" rel=\" noopener\" title=\"Ilmar Tagel: energias\u00e4\u00e4stu v\u00f5ib anda ka osaline remont\" style=\"height:150px;width:150px;\"><img decoding=\"async\" src=\"https:\/\/f7.pmo.ee\/8Bp9k_s9RLFVAei4DMxpx1W5-i0=\/480x270\/filters:focal(940x648:15x15)\/nginx\/o\/2026\/04\/29\/17601531t1h4411.jpg\" title=\"Ilmar Tagel: energias\u00e4\u00e4stu v\u00f5ib anda ka osaline remont\" style=\"height:150px;width:150px;\"><\/a><\/div><span class=\"title\"><a href=\"https:\/\/pmo.ee\/8462023\" target=\"_blank\" rel=\" noopener\">Ilmar Tagel: energias\u00e4\u00e4stu v\u00f5ib anda ka osaline remont<\/a><\/span><div class=\"rss_content\" style=\"\"><small>on 29.04.2026 at 21:17:00 <\/small><p>Hiljuti oli L\u00f5una-Eesti Postimehes juttu korterelamute terviklikust renoveerimisest. Vahel saab aga kasutada ka lihtsamaid lahendusi.<\/p><\/div><\/li><li  style=\"padding: 15px 0 25px\" class=\"rss_item\"><div class=\"rss_image\" style=\"height:150px;width:150px;\"><a href=\"https:\/\/pmo.ee\/8462017\" target=\"_blank\" rel=\" noopener\" title=\"GALERII \u27e9 Soomlastele n\u00e4idati, kuidas p\u00e4ikeseenergiat tootes plussi j\u00e4\u00e4da\" style=\"height:150px;width:150px;\"><img decoding=\"async\" src=\"https:\/\/f11.pmo.ee\/EMugBtO_W0j7hXPO5eJKgnDhzBM=\/480x270\/filters:focal(1516x432:15x15)\/nginx\/o\/2026\/04\/29\/17601517t1he91a.jpg\" title=\"GALERII \u27e9 Soomlastele n\u00e4idati, kuidas p\u00e4ikeseenergiat tootes plussi j\u00e4\u00e4da\" style=\"height:150px;width:150px;\"><\/a><\/div><span class=\"title\"><a href=\"https:\/\/pmo.ee\/8462017\" target=\"_blank\" rel=\" noopener\">GALERII \u27e9 Soomlastele n\u00e4idati, kuidas p\u00e4ikeseenergiat tootes plussi j\u00e4\u00e4da<\/a><\/span><div class=\"rss_content\" style=\"\"><small>on 29.04.2026 at 21:10:00 <\/small><p>Paljud p\u00e4ikesepaneelide omanikud on kurtnud, et nad on sunnitud elektrit m\u00fc\u00fces sellele sisuliselt peale maksma. P\u00f5lvamaal \u00f5ppereisil k\u00e4inud Soome maa- ja metsaomanikud aga v\u00f5tsid P\u00f5lva k\u00fclje alt asuvast M\u00e4e talust muu hulgas kaasa teadmise, kuidas nullil\u00e4hedase elektrienergia hinnaga ikkagi plussi j\u00e4\u00e4da.<\/p><\/div><\/li><li  style=\"padding: 15px 0 25px\" class=\"rss_item\"><div class=\"rss_image\" style=\"height:150px;width:150px;\"><a href=\"https:\/\/pmo.ee\/8461652\" target=\"_blank\" rel=\" noopener\" title=\"Kersti Kond: Auu, Kagu-Eesti on ka olemas!\" style=\"height:150px;width:150px;\"><img decoding=\"async\" src=\"https:\/\/f9.pmo.ee\/PKCz9Ycnl0-SlT1HVkGG-Q7f6Zg=\/480x270\/filters:focal(850x71:4066x3361)\/nginx\/o\/2025\/12\/23\/17356920t1h7d93.jpg\" title=\"Kersti Kond: Auu, Kagu-Eesti on ka olemas!\" style=\"height:150px;width:150px;\"><\/a><\/div><span class=\"title\"><a href=\"https:\/\/pmo.ee\/8461652\" target=\"_blank\" rel=\" noopener\">Kersti Kond: Auu, Kagu-Eesti on ka olemas!<\/a><\/span><div class=\"rss_content\" style=\"\"><small>on 29.04.2026 at 21:03:00 <\/small><p>Uudis, et Ida-Virumaale rajatakse \u00f5iglase \u00fclemineku fondi toel paari aasta jooksul 800 hotellikohta, tegi Kagu-Eesti turismiettev\u00f5tjad ja omavalitsusjuhid n\u00f5utuks. Muidugi, Virumaa vajab tuge, et t\u00f6\u00f6kohti luua ja k\u00fclalisi tuua, kuid majandusn\u00e4itajate poolest kehvemaski seisus Valga-, V\u00f5ru- ja P\u00f5lvamaa vajavad seda ka.<\/p><\/div><\/li><li  style=\"padding: 15px 0 25px\" class=\"rss_item\"><div class=\"rss_image\" style=\"height:150px;width:150px;\"><a href=\"https:\/\/pmo.ee\/8461906\" target=\"_blank\" rel=\" noopener\" title=\"T\u00f5rvakas asub juhtima P\u00f5lva g\u00fcmnaasiumi\" style=\"height:150px;width:150px;\"><img decoding=\"async\" src=\"https:\/\/f9.pmo.ee\/pLObpqEMtk8NuFXX2RhK7syQWWU=\/480x270\/filters:focal(80x83:1880x1732)\/nginx\/o\/2026\/04\/29\/17601174t1hca98.jpg\" title=\"T\u00f5rvakas asub juhtima P\u00f5lva g\u00fcmnaasiumi\" style=\"height:150px;width:150px;\"><\/a><\/div><span class=\"title\"><a href=\"https:\/\/pmo.ee\/8461906\" target=\"_blank\" rel=\" noopener\">T\u00f5rvakas asub juhtima P\u00f5lva g\u00fcmnaasiumi<\/a><\/span><div class=\"rss_content\" style=\"\"><small>on 29.04.2026 at 13:32:02 <\/small><p>Avaliku konkursi tulemusena asub P\u00f5lva g\u00fcmnaasiumi direktorina t\u00f6\u00f6le praegune R\u00f5ngu keskkooli juht Romet Piller.<\/p><\/div><\/li><li  style=\"padding: 15px 0 25px\" class=\"rss_item\"><div class=\"rss_image\" style=\"height:150px;width:150px;\"><a href=\"https:\/\/pmo.ee\/8460381\" target=\"_blank\" rel=\" noopener\" title=\"Kelmid petsid ettev\u00f5tjalt v\u00e4lja mitu tuhat eurot\" style=\"height:150px;width:150px;\"><img decoding=\"async\" src=\"https:\/\/f7.pmo.ee\/XbPhkV4UV5VeliNng-l3-yODcCM=\/480x270\/smart\/nginx\/o\/2026\/03\/12\/17505617t1he649.jpg\" title=\"Kelmid petsid ettev\u00f5tjalt v\u00e4lja mitu tuhat eurot\" style=\"height:150px;width:150px;\"><\/a><\/div><span class=\"title\"><a href=\"https:\/\/pmo.ee\/8460381\" target=\"_blank\" rel=\" noopener\">Kelmid petsid ettev\u00f5tjalt v\u00e4lja mitu tuhat eurot<\/a><\/span><div class=\"rss_content\" style=\"\"><small>on 27.04.2026 at 14:05:00 <\/small><p>Politsei sai teate, et 19. aprillil saadeti P\u00f5lva linnas elavale naisele e-kiri n\u00e4iliselt LHV pangast. Kirja sisus oli arve ja teade, et inimese andmed aeguvad peagi ning mitte-uuendamise korral piiratakse tema internetipanga kasutamist.<\/p><\/div><\/li><li  style=\"padding: 15px 0 25px\" class=\"rss_item\"><div class=\"rss_image\" style=\"height:150px;width:150px;\"><a href=\"https:\/\/pmo.ee\/8459420\" target=\"_blank\" rel=\" noopener\" title=\"GALERII \u27e9 Mehikoorma sadamas v\u00f5is laup\u00e4eval n\u00e4ha piraajat\" style=\"height:150px;width:150px;\"><img decoding=\"async\" src=\"https:\/\/f7.pmo.ee\/UciFQmO2RZQ6FezSiSOfo03OBzE=\/480x270\/filters:focal(802x62:2889x2253)\/nginx\/o\/2026\/04\/25\/17593524t1h4531.jpg\" title=\"GALERII \u27e9 Mehikoorma sadamas v\u00f5is laup\u00e4eval n\u00e4ha piraajat\" style=\"height:150px;width:150px;\"><\/a><\/div><span class=\"title\"><a href=\"https:\/\/pmo.ee\/8459420\" target=\"_blank\" rel=\" noopener\">GALERII \u27e9 Mehikoorma sadamas v\u00f5is laup\u00e4eval n\u00e4ha piraajat<\/a><\/span><div class=\"rss_content\" style=\"\"><small>on 25.04.2026 at 18:17:55 <\/small><p>Piraaja Mehikoorma sadamas tekitas laup\u00e4eval toimunud avatud kalasadamate p\u00e4eval k\u00fclastajates enim elevust. Tegelikult peitus kalalaual aga v\u00e4ike vimka, millega pandi proovile inimeste kalatundmine.<\/p><\/div><\/li><li  style=\"padding: 15px 0 25px\" class=\"rss_item\"><div class=\"rss_image\" style=\"height:150px;width:150px;\"><a href=\"https:\/\/pmo.ee\/8459025\" target=\"_blank\" rel=\" noopener\" title=\"\u00dcKS K\u00dcSIMUS \u27e9 Mis eelmisest kuust r\u00f5\u00f5mu valmistas?\" style=\"height:150px;width:150px;\"><img decoding=\"async\" src=\"https:\/\/f8.pmo.ee\/r0ncn_zjDupZb3yWOdI1y-cYizU=\/480x270\/filters:focal(674x407:15x15)\/nginx\/o\/2026\/04\/24\/17589976t1h709e.jpg\" title=\"\u00dcKS K\u00dcSIMUS \u27e9 Mis eelmisest kuust r\u00f5\u00f5mu valmistas?\" style=\"height:150px;width:150px;\"><\/a><\/div><span class=\"title\"><a href=\"https:\/\/pmo.ee\/8459025\" target=\"_blank\" rel=\" noopener\">\u00dcKS K\u00dcSIMUS \u27e9 Mis eelmisest kuust r\u00f5\u00f5mu valmistas?<\/a><\/span><div class=\"rss_content\" style=\"\"><small>on 24.04.2026 at 21:15:00 <\/small><\/div><\/li><\/ul> <\/div><style type=\"text\/css\" media=\"all\">.feedzy-rss .rss_item .rss_image{float:left;position:relative;border:none;text-decoration:none;max-width:100%}.feedzy-rss .rss_item .rss_image span{display:inline-block;position:absolute;width:100%;height:100%;background-position:50%;background-size:cover}.feedzy-rss .rss_item .rss_image{margin:.3em 1em 0 0;content-visibility:auto}.feedzy-rss ul{list-style:none}.feedzy-rss ul li{display:inline-block}<\/style><\/div>\n<div class='feedzy-lazy' data-feeds=\"https:\/\/lounapostimees.postimees.ee\/rss\/section\/3629\"data-max=\"10\"data-feed_title=\"yes\"data-target=\"_blank\"data-follow=\"\"data-title=\"\"data-meta=\"yes\"data-multiple_meta=\"no\"data-summary=\"yes\"data-summarylength=\"\"data-thumb=\"auto\"data-default=\"\"data-size=\"\"data-aspectRatio=\"1\"data-keywords_title=\"\"data-keywords_inc=\"\"data-keywords_inc_on=\"\"data-keywords_exc_on=\"\"data-refresh=\"6_hours\"data-sort=\"\"data-http=\"auto\"data-error_empty=\"Feed has no items.\"data-amp=\"yes\"data-offset=\"0\"data-lazy=\"yes\"data-_dryrun_=\"no\"data-_dry_run_tags_=\"\"data-from_datetime=\"\"data-to_datetime=\"\"data-disable_default_style=\"no\"data-filters=\"\"data-classname=\"\"data-price=\"yes\"data-columns=\"1\"data-has_valid_cache=\"true\"data-nonce=\"f81ee8b74f\"><div class=\"feedzy-ec650a51f8cdacef9a86600de56e4597 feedzy-rss\"><div class=\"rss_header\"><h2><a href=\"https:\/\/lounapostimees.postimees.ee\/\" class=\"rss_title\" rel=\"noopener\">Kanepi<\/a> <span class=\"rss_description\"> L\u00f5una-Eesti k\u00f5ige kiiremad uudised ja huvitavamad lood! Vaata l\u00e4hemalt.<\/span><\/h2><\/div><ul><li  style=\"padding: 15px 0 25px\" class=\"rss_item\"><div class=\"rss_image\" style=\"height:150px;width:150px;\"><a href=\"https:\/\/pmo.ee\/8463608\" target=\"_blank\" rel=\" noopener\" title=\"Politsei leidis P\u00f5lvamaal kadunud mehe ja lapse \u00fcles\" style=\"height:150px;width:150px;\"><img decoding=\"async\" src=\"https:\/\/f7.pmo.ee\/htLGDfW9kRkze2tsJB7u0t7eOXQ=\/480x270\/smart\/nginx\/o\/2025\/09\/05\/17126094t1hf6e5.jpg\" title=\"Politsei leidis P\u00f5lvamaal kadunud mehe ja lapse \u00fcles\" style=\"height:150px;width:150px;\"><\/a><\/div><span class=\"title\"><a href=\"https:\/\/pmo.ee\/8463608\" target=\"_blank\" rel=\" noopener\">Politsei leidis P\u00f5lvamaal kadunud mehe ja lapse \u00fcles<\/a><\/span><div class=\"rss_content\" style=\"\"><small>on 03.05.2026 at 06:17:24 <\/small><p>Kopterimeeskond m\u00e4rkas otsingute k\u00e4igus P\u00f5lvamaal kadunud last koos isaga.<\/p><\/div><\/li><li  style=\"padding: 15px 0 25px\" class=\"rss_item\"><div class=\"rss_image\" style=\"height:150px;width:150px;\"><a href=\"https:\/\/pmo.ee\/8461652\" target=\"_blank\" rel=\" noopener\" title=\"Kersti Kond: Auu, Kagu-Eesti on ka olemas!\" style=\"height:150px;width:150px;\"><img decoding=\"async\" src=\"https:\/\/f9.pmo.ee\/PKCz9Ycnl0-SlT1HVkGG-Q7f6Zg=\/480x270\/filters:focal(850x71:4066x3361)\/nginx\/o\/2025\/12\/23\/17356920t1h7d93.jpg\" title=\"Kersti Kond: Auu, Kagu-Eesti on ka olemas!\" style=\"height:150px;width:150px;\"><\/a><\/div><span class=\"title\"><a href=\"https:\/\/pmo.ee\/8461652\" target=\"_blank\" rel=\" noopener\">Kersti Kond: Auu, Kagu-Eesti on ka olemas!<\/a><\/span><div class=\"rss_content\" style=\"\"><small>on 29.04.2026 at 21:03:00 <\/small><p>Uudis, et Ida-Virumaale rajatakse \u00f5iglase \u00fclemineku fondi toel paari aasta jooksul 800 hotellikohta, tegi Kagu-Eesti turismiettev\u00f5tjad ja omavalitsusjuhid n\u00f5utuks. Muidugi, Virumaa vajab tuge, et t\u00f6\u00f6kohti luua ja k\u00fclalisi tuua, kuid majandusn\u00e4itajate poolest kehvemaski seisus Valga-, V\u00f5ru- ja P\u00f5lvamaa vajavad seda ka.<\/p><\/div><\/li><li  style=\"padding: 15px 0 25px\" class=\"rss_item\"><div class=\"rss_image\" style=\"height:150px;width:150px;\"><a href=\"https:\/\/pmo.ee\/8456860\" target=\"_blank\" rel=\" noopener\" title=\"Zooloog Harri Valdmann: tippkiskja inimest ei karda\" style=\"height:150px;width:150px;\"><img decoding=\"async\" src=\"https:\/\/f8.pmo.ee\/_UKifiiJLEUyw8NPKBI6LNBy2ZA=\/480x270\/filters:focal(1960x54:5177x2435)\/nginx\/o\/2026\/04\/22\/17584249t1h2dc5.jpg\" title=\"Zooloog Harri Valdmann: tippkiskja inimest ei karda\" style=\"height:150px;width:150px;\"><\/a><\/div><span class=\"title\"><a href=\"https:\/\/pmo.ee\/8456860\" target=\"_blank\" rel=\" noopener\">Zooloog Harri Valdmann: tippkiskja inimest ei karda<\/a><\/span><div class=\"rss_content\" style=\"\"><small>on 24.04.2026 at 21:03:00 <\/small><p>Karudel l\u00e4heb Eestis h\u00e4sti: nende arvukus kasvab ja poegi on pesakonnas palju. Mida rohkem p\u00e4ntjalgu, seda suurem v\u00f5imalus on inimestel neid kohata nii metsateel kui koduhoovis. Tartu \u00dclikooli selgroogsete zooloogia kaasprofessor Harri Valdmann r\u00e4\u00e4kis, et kui kiskjale liialt l\u00e4hedale sattuda, tunneb ta end ohustatuna ja soovib h\u00e4daohtu k\u00f5rvalda.<\/p><\/div><\/li><li  style=\"padding: 15px 0 25px\" class=\"rss_item\"><div class=\"rss_image\" style=\"height:150px;width:150px;\"><a href=\"https:\/\/pmo.ee\/8454193\" target=\"_blank\" rel=\" noopener\" title=\"GALERII \u27e9 Seeme pannakse mulda, kuigi tulu see p\u00f5llumeestele ei too. \u00abKui t\u00f6\u00f6 mind nii ei k\u00f6idaks, oleks loobumine m\u00f5istlik.\u00bb\" style=\"height:150px;width:150px;\"><img decoding=\"async\" src=\"https:\/\/f10.pmo.ee\/BOb3RcYItcdsCdnjR55ifxQOBSw=\/480x270\/filters:focal(2126x625:5288x3174)\/nginx\/o\/2026\/04\/17\/17568087t1h55ad.jpg\" title=\"GALERII \u27e9 Seeme pannakse mulda, kuigi tulu see p\u00f5llumeestele ei too. \u00abKui t\u00f6\u00f6 mind nii ei k\u00f6idaks, oleks loobumine m\u00f5istlik.\u00bb\" style=\"height:150px;width:150px;\"><\/a><\/div><span class=\"title\"><a href=\"https:\/\/pmo.ee\/8454193\" target=\"_blank\" rel=\" noopener\">GALERII \u27e9 Seeme pannakse mulda, kuigi tulu see p\u00f5llumeestele ei too. \u00abKui t\u00f6\u00f6 mind nii ei k\u00f6idaks, oleks loobumine m\u00f5istlik.\u00bb<\/a><\/span><div class=\"rss_content\" style=\"\"><small>on 17.04.2026 at 21:03:00 <\/small><p>Kui eelmistel aastatel tegid p\u00f5llumeestele tuska p\u00f5ud ja liigniiskus, siis t\u00e4navu r\u00f6\u00f6vib \u00f6\u00f6une oluliselt kerkinud k\u00fctuse- ja v\u00e4etisehind. Tulu aga loota pole, sest vilja eest ei maksta rohkem kui mullu.<\/p><\/div><\/li><li  style=\"padding: 15px 0 25px\" class=\"rss_item\"><div class=\"rss_image\" style=\"height:150px;width:150px;\"><a href=\"https:\/\/pmo.ee\/8453591\" target=\"_blank\" rel=\" noopener\" title=\"Tuulega kandunud s\u00e4demed s\u00fc\u00fctasid metsaaluse\" style=\"height:150px;width:150px;\"><img decoding=\"async\" src=\"https:\/\/f7.pmo.ee\/cIWXvawv05ZibXuI1nr98BkGT6k=\/480x270\/smart\/nginx\/o\/2026\/04\/16\/17566531t1h49bd.jpg\" title=\"Tuulega kandunud s\u00e4demed s\u00fc\u00fctasid metsaaluse\" style=\"height:150px;width:150px;\"><\/a><\/div><span class=\"title\"><a href=\"https:\/\/pmo.ee\/8453591\" target=\"_blank\" rel=\" noopener\">Tuulega kandunud s\u00e4demed s\u00fc\u00fctasid metsaaluse<\/a><\/span><div class=\"rss_content\" style=\"\"><small>on 16.04.2026 at 10:26:35 <\/small><p>P\u00f5lva vallas Uibuj\u00e4rve k\u00fclas ei j\u00e4\u00e4nud palju puudu sellest, et kontrolli alt v\u00e4ljunud l\u00f5ke v\u00f5inuks s\u00fc\u00fcdata ka metsa.<\/p><\/div><\/li><li  style=\"padding: 15px 0 25px\" class=\"rss_item\"><div class=\"rss_image\" style=\"height:150px;width:150px;\"><a href=\"https:\/\/pmo.ee\/8452166\" target=\"_blank\" rel=\" noopener\" title=\"L\u00f5una-Eestis viiakse tolmuvaba katte alla \u00fcle 60 kilomeetri teid\" style=\"height:150px;width:150px;\"><img decoding=\"async\" src=\"https:\/\/f7.pmo.ee\/uk9wLSxZG48-vA-OqbCAh7_HNPg=\/480x270\/filters:focal(1132x486:1147x501)\/nginx\/o\/2018\/12\/09\/11642518t1h6d1e.jpg\" title=\"L\u00f5una-Eestis viiakse tolmuvaba katte alla \u00fcle 60 kilomeetri teid\" style=\"height:150px;width:150px;\"><\/a><\/div><span class=\"title\"><a href=\"https:\/\/pmo.ee\/8452166\" target=\"_blank\" rel=\" noopener\">L\u00f5una-Eestis viiakse tolmuvaba katte alla \u00fcle 60 kilomeetri teid<\/a><\/span><div class=\"rss_content\" style=\"\"><small>on 14.04.2026 at 11:26:11 <\/small><p>Transpordiamet allkirjastas eile TREF ASiga lepingu L\u00f5una-Eesti piirkonna kruusateedele tolmuvaba katte ehitamiseks.<\/p><\/div><\/li><li  style=\"padding: 15px 0 25px\" class=\"rss_item\"><div class=\"rss_image\" style=\"height:150px;width:150px;\"><a href=\"https:\/\/pmo.ee\/8450171\" target=\"_blank\" rel=\" noopener\" title=\"Kevadgurmee t\u00e4histab turismihooaja algust\" style=\"height:150px;width:150px;\"><img decoding=\"async\" src=\"https:\/\/f7.pmo.ee\/B-iS1_unFYoXqFqQy0RNFfb8L-M=\/480x270\/filters:focal(1324x550:1339x565)\/nginx\/o\/2026\/04\/10\/17555660t1h9eaf.jpg\" title=\"Kevadgurmee t\u00e4histab turismihooaja algust\" style=\"height:150px;width:150px;\"><\/a><\/div><span class=\"title\"><a href=\"https:\/\/pmo.ee\/8450171\" target=\"_blank\" rel=\" noopener\">Kevadgurmee t\u00e4histab turismihooaja algust<\/a><\/span><div class=\"rss_content\" style=\"\"><small>on 10.04.2026 at 21:01:00 <\/small><p>L\u00f5una-Eestis on kevad aeg, mil elu liigub taas rohkem koduseinte vahelt v\u00e4lja \u2013 inimesed on liikvel, turismiettev\u00f5tted valmistuvad algavaks hooajaks ning restoranide lahtiolekuajad pikenevad. P\u00e4rast talveperioodi on piirkonnas tunda \u00fcldist elavnemist, mis ei puuduta ainult loodust, vaid ka igap\u00e4evaelu.<\/p><\/div><\/li><li  style=\"padding: 15px 0 25px\" class=\"rss_item\"><div class=\"rss_image\" style=\"height:150px;width:150px;\"><a href=\"https:\/\/pmo.ee\/8450169\" target=\"_blank\" rel=\" noopener\" title=\"Kuhu minna n\u00e4dalavahetusel L\u00f5una-Eestis?\" style=\"height:150px;width:150px;\"><img decoding=\"async\" src=\"https:\/\/f10.pmo.ee\/DBhOBVOC0cWGhYcaU7mSZGVUH7A=\/480x270\/smart\/nginx\/o\/2026\/04\/10\/17555659t1hddb4.jpg\" title=\"Kuhu minna n\u00e4dalavahetusel L\u00f5una-Eestis?\" style=\"height:150px;width:150px;\"><\/a><\/div><span class=\"title\"><a href=\"https:\/\/pmo.ee\/8450169\" target=\"_blank\" rel=\" noopener\">Kuhu minna n\u00e4dalavahetusel L\u00f5una-Eestis?<\/a><\/span><div class=\"rss_content\" style=\"\"><small>on 10.04.2026 at 13:42:00 <\/small><p>Mida p\u00f5nevat on n\u00e4dalavahetusel ja sellele j\u00e4rgnevatel p\u00e4evadel toimumas P\u00f5lva, Valga ja V\u00f5ru maakonnas?<\/p><\/div><\/li><li  style=\"padding: 15px 0 25px\" class=\"rss_item\"><div class=\"rss_image\" style=\"height:150px;width:150px;\"><a href=\"https:\/\/pmo.ee\/8449356\" target=\"_blank\" rel=\" noopener\" title=\"Kas arstitudeng tohib ilma teda juhendava arsti juuresolekuta patsienti vastu v\u00f5tta, l\u00e4bi vaadata ja ravi m\u00e4\u00e4rata?\" style=\"height:150px;width:150px;\"><img decoding=\"async\" src=\"https:\/\/f7.pmo.ee\/mzWDZUJrXIhVW-2t3HZgcgni3y8=\/480x270\/filters:focal(386x19:1249x733)\/nginx\/o\/2026\/04\/09\/17552141t1h5417.jpg\" title=\"Kas arstitudeng tohib ilma teda juhendava arsti juuresolekuta patsienti vastu v\u00f5tta, l\u00e4bi vaadata ja ravi m\u00e4\u00e4rata?\" style=\"height:150px;width:150px;\"><\/a><\/div><span class=\"title\"><a href=\"https:\/\/pmo.ee\/8449356\" target=\"_blank\" rel=\" noopener\">Kas arstitudeng tohib ilma teda juhendava arsti juuresolekuta patsienti vastu v\u00f5tta, l\u00e4bi vaadata ja ravi m\u00e4\u00e4rata?<\/a><\/span><div class=\"rss_content\" style=\"\"><small>on 10.04.2026 at 07:10:07 <\/small><p>Kas arstitudeng tohib ilma teda juhendava arsti juuresolekuta patsienti vastu v\u00f5tta, l\u00e4bi vaadata ja ravi m\u00e4\u00e4rata?<\/p><\/div><\/li><li  style=\"padding: 15px 0 25px\" class=\"rss_item\"><div class=\"rss_image\" style=\"height:150px;width:150px;\"><a href=\"https:\/\/pmo.ee\/8448313\" target=\"_blank\" rel=\" noopener\" title=\"Riigikogu v\u00e4liskomisjoni esimees Marko Mihkelson: NATO ei kuku kokku, kuigi Venemaa seda soovib\" style=\"height:150px;width:150px;\"><img decoding=\"async\" src=\"https:\/\/f8.pmo.ee\/kGbQC1UJMKV0iw3TFJgvm4Kzz5Y=\/480x270\/smart\/nginx\/o\/2026\/04\/08\/17549514t1hd266.jpg\" title=\"Riigikogu v\u00e4liskomisjoni esimees Marko Mihkelson: NATO ei kuku kokku, kuigi Venemaa seda soovib\" style=\"height:150px;width:150px;\"><\/a><\/div><span class=\"title\"><a href=\"https:\/\/pmo.ee\/8448313\" target=\"_blank\" rel=\" noopener\">Riigikogu v\u00e4liskomisjoni esimees Marko Mihkelson: NATO ei kuku kokku, kuigi Venemaa seda soovib<\/a><\/span><div class=\"rss_content\" style=\"\"><small>on 09.04.2026 at 04:31:47 <\/small><p>S\u00f5da on j\u00f5udnud meie piirile v\u00e4ga l\u00e4hedale \u2013 Ukraina droonid sattusid Venemaa sihtm\u00e4rke r\u00fcnnates Eestisse. USA president Donald Trump peab NATOt pabertiigriks ja kinnitas, et Venemaa president Vladimir Putin ei karda seda. Samuti teatas Trump, et USA kaalub NATOst lahkumist.<\/p><\/div><\/li><\/ul> <\/div><style type=\"text\/css\" media=\"all\">.feedzy-rss .rss_item .rss_image{float:left;position:relative;border:none;text-decoration:none;max-width:100%}.feedzy-rss .rss_item .rss_image span{display:inline-block;position:absolute;width:100%;height:100%;background-position:50%;background-size:cover}.feedzy-rss .rss_item .rss_image{margin:.3em 1em 0 0;content-visibility:auto}.feedzy-rss ul{list-style:none}.feedzy-rss ul li{display:inline-block}<\/style><\/div>\n<div class='feedzy-lazy' data-feeds=\"https:\/\/lounapostimees.postimees.ee\/rss\/section\/3631\"data-max=\"10\"data-feed_title=\"yes\"data-target=\"_blank\"data-follow=\"\"data-title=\"\"data-meta=\"yes\"data-multiple_meta=\"no\"data-summary=\"yes\"data-summarylength=\"\"data-thumb=\"auto\"data-default=\"\"data-size=\"\"data-aspectRatio=\"1\"data-keywords_title=\"\"data-keywords_inc=\"\"data-keywords_inc_on=\"\"data-keywords_exc_on=\"\"data-refresh=\"6_hours\"data-sort=\"\"data-http=\"auto\"data-error_empty=\"Feed has no items.\"data-amp=\"yes\"data-offset=\"0\"data-lazy=\"yes\"data-_dryrun_=\"no\"data-_dry_run_tags_=\"\"data-from_datetime=\"\"data-to_datetime=\"\"data-disable_default_style=\"no\"data-filters=\"\"data-classname=\"\"data-price=\"yes\"data-columns=\"1\"data-has_valid_cache=\"true\"data-nonce=\"db0fa9285f\"><div class=\"feedzy-df76ff8d02fed36fb1c1404253a3499e feedzy-rss\"><div class=\"rss_header\"><h2><a href=\"https:\/\/lounapostimees.postimees.ee\/\" class=\"rss_title\" rel=\"noopener\">R\u00e4pina<\/a> <span class=\"rss_description\"> L\u00f5una-Eesti k\u00f5ige kiiremad uudised ja huvitavamad lood! Vaata l\u00e4hemalt.<\/span><\/h2><\/div><ul><li  style=\"padding: 15px 0 25px\" class=\"rss_item\"><div class=\"rss_image\" style=\"height:150px;width:150px;\"><a href=\"https:\/\/pmo.ee\/8461652\" target=\"_blank\" rel=\" noopener\" title=\"Kersti Kond: Auu, Kagu-Eesti on ka olemas!\" style=\"height:150px;width:150px;\"><img decoding=\"async\" src=\"https:\/\/f9.pmo.ee\/PKCz9Ycnl0-SlT1HVkGG-Q7f6Zg=\/480x270\/filters:focal(850x71:4066x3361)\/nginx\/o\/2025\/12\/23\/17356920t1h7d93.jpg\" title=\"Kersti Kond: Auu, Kagu-Eesti on ka olemas!\" style=\"height:150px;width:150px;\"><\/a><\/div><span class=\"title\"><a href=\"https:\/\/pmo.ee\/8461652\" target=\"_blank\" rel=\" noopener\">Kersti Kond: Auu, Kagu-Eesti on ka olemas!<\/a><\/span><div class=\"rss_content\" style=\"\"><small>on 29.04.2026 at 21:03:00 <\/small><p>Uudis, et Ida-Virumaale rajatakse \u00f5iglase \u00fclemineku fondi toel paari aasta jooksul 800 hotellikohta, tegi Kagu-Eesti turismiettev\u00f5tjad ja omavalitsusjuhid n\u00f5utuks. Muidugi, Virumaa vajab tuge, et t\u00f6\u00f6kohti luua ja k\u00fclalisi tuua, kuid majandusn\u00e4itajate poolest kehvemaski seisus Valga-, V\u00f5ru- ja P\u00f5lvamaa vajavad seda ka.<\/p><\/div><\/li><li  style=\"padding: 15px 0 25px\" class=\"rss_item\"><div class=\"rss_image\" style=\"height:150px;width:150px;\"><a href=\"https:\/\/pmo.ee\/8460448\" target=\"_blank\" rel=\" noopener\" title=\"Anneli Ott: R\u00e4pina aianduskool ei ole kulu, vaid v\u00e4\u00e4rtus\" style=\"height:150px;width:150px;\"><img decoding=\"async\" src=\"https:\/\/f8.pmo.ee\/v6eBxytR8naQJdm8iyPJNyrJ1UE=\/480x270\/filters:focal(161x598:1639x1444)\/nginx\/o\/2026\/04\/27\/17596968t1h2f5a.jpg\" title=\"Anneli Ott: R\u00e4pina aianduskool ei ole kulu, vaid v\u00e4\u00e4rtus\" style=\"height:150px;width:150px;\"><\/a><\/div><span class=\"title\"><a href=\"https:\/\/pmo.ee\/8460448\" target=\"_blank\" rel=\" noopener\">Anneli Ott: R\u00e4pina aianduskool ei ole kulu, vaid v\u00e4\u00e4rtus<\/a><\/span><div class=\"rss_content\" style=\"\"><small>on 27.04.2026 at 21:20:00 <\/small><p>R\u00e4pina aianduskooli \u00fcmber toimuv ei j\u00e4ta enam palju t\u00f5lgendusruumi. Kooli 2026. aasta eelarve on ligikaudu veerandi v\u00f5rra (!) v\u00e4iksem kui aasta varem ning uus rakenduskoolidele loodud rahastusmudel on viinud olukorrani, kus tegevustoetus ei kata enam riigi enda seatud \u00f5ppet\u00f6\u00f6 eesm\u00e4rke ega kooli \u00fclalpidamist. Seega ei ole tegemist pelgalt tehnilise \u00fcmberkorralduse v\u00f5i ajutise kokkuhoiuga, vaid kooli elutegevust k\u00e4gistava otsusega.<\/p><\/div><\/li><li  style=\"padding: 15px 0 25px\" class=\"rss_item\"><div class=\"rss_image\" style=\"height:150px;width:150px;\"><a href=\"https:\/\/pmo.ee\/8459420\" target=\"_blank\" rel=\" noopener\" title=\"GALERII \u27e9 Mehikoorma sadamas v\u00f5is laup\u00e4eval n\u00e4ha piraajat\" style=\"height:150px;width:150px;\"><img decoding=\"async\" src=\"https:\/\/f7.pmo.ee\/UciFQmO2RZQ6FezSiSOfo03OBzE=\/480x270\/filters:focal(802x62:2889x2253)\/nginx\/o\/2026\/04\/25\/17593524t1h4531.jpg\" title=\"GALERII \u27e9 Mehikoorma sadamas v\u00f5is laup\u00e4eval n\u00e4ha piraajat\" style=\"height:150px;width:150px;\"><\/a><\/div><span class=\"title\"><a href=\"https:\/\/pmo.ee\/8459420\" target=\"_blank\" rel=\" noopener\">GALERII \u27e9 Mehikoorma sadamas v\u00f5is laup\u00e4eval n\u00e4ha piraajat<\/a><\/span><div class=\"rss_content\" style=\"\"><small>on 25.04.2026 at 18:17:55 <\/small><p>Piraaja Mehikoorma sadamas tekitas laup\u00e4eval toimunud avatud kalasadamate p\u00e4eval k\u00fclastajates enim elevust. Tegelikult peitus kalalaual aga v\u00e4ike vimka, millega pandi proovile inimeste kalatundmine.<\/p><\/div><\/li><li  style=\"padding: 15px 0 25px\" class=\"rss_item\"><div class=\"rss_image\" style=\"height:150px;width:150px;\"><a href=\"https:\/\/pmo.ee\/8459032\" target=\"_blank\" rel=\" noopener\" title=\"101-aastane proua k\u00e4ib vahel salaja poes\" style=\"height:150px;width:150px;\"><img decoding=\"async\" src=\"https:\/\/f9.pmo.ee\/3rQ826ToKLuC4qoOkAYwmdX8kRQ=\/480x270\/filters:focal(374x408:1513x1218)\/nginx\/o\/2026\/04\/24\/17589993t1h2861.jpg\" title=\"101-aastane proua k\u00e4ib vahel salaja poes\" style=\"height:150px;width:150px;\"><\/a><\/div><span class=\"title\"><a href=\"https:\/\/pmo.ee\/8459032\" target=\"_blank\" rel=\" noopener\">101-aastane proua k\u00e4ib vahel salaja poes<\/a><\/span><div class=\"rss_content\" style=\"\"><small>on 24.04.2026 at 21:18:00 <\/small><\/div><\/li><li  style=\"padding: 15px 0 25px\" class=\"rss_item\"><div class=\"rss_image\" style=\"height:150px;width:150px;\"><a href=\"https:\/\/pmo.ee\/8456860\" target=\"_blank\" rel=\" noopener\" title=\"Zooloog Harri Valdmann: tippkiskja inimest ei karda\" style=\"height:150px;width:150px;\"><img decoding=\"async\" src=\"https:\/\/f8.pmo.ee\/_UKifiiJLEUyw8NPKBI6LNBy2ZA=\/480x270\/filters:focal(1960x54:5177x2435)\/nginx\/o\/2026\/04\/22\/17584249t1h2dc5.jpg\" title=\"Zooloog Harri Valdmann: tippkiskja inimest ei karda\" style=\"height:150px;width:150px;\"><\/a><\/div><span class=\"title\"><a href=\"https:\/\/pmo.ee\/8456860\" target=\"_blank\" rel=\" noopener\">Zooloog Harri Valdmann: tippkiskja inimest ei karda<\/a><\/span><div class=\"rss_content\" style=\"\"><small>on 24.04.2026 at 21:03:00 <\/small><p>Karudel l\u00e4heb Eestis h\u00e4sti: nende arvukus kasvab ja poegi on pesakonnas palju. Mida rohkem p\u00e4ntjalgu, seda suurem v\u00f5imalus on inimestel neid kohata nii metsateel kui koduhoovis. Tartu \u00dclikooli selgroogsete zooloogia kaasprofessor Harri Valdmann r\u00e4\u00e4kis, et kui kiskjale liialt l\u00e4hedale sattuda, tunneb ta end ohustatuna ja soovib h\u00e4daohtu k\u00f5rvalda.<\/p><\/div><\/li><li  style=\"padding: 15px 0 25px\" class=\"rss_item\"><div class=\"rss_image\" style=\"height:150px;width:150px;\"><a href=\"https:\/\/pmo.ee\/8458460\" target=\"_blank\" rel=\" noopener\" title=\"R\u00e4pina kohal lendasid neljap\u00e4eval droonid\" style=\"height:150px;width:150px;\"><img decoding=\"async\" src=\"https:\/\/f9.pmo.ee\/3Y7piFUwSso4zJ1G9CpnCM7qDds=\/480x270\/smart\/nginx\/o\/2026\/04\/24\/17588567t1h02d4.jpg\" title=\"R\u00e4pina kohal lendasid neljap\u00e4eval droonid\" style=\"height:150px;width:150px;\"><\/a><\/div><span class=\"title\"><a href=\"https:\/\/pmo.ee\/8458460\" target=\"_blank\" rel=\" noopener\">R\u00e4pina kohal lendasid neljap\u00e4eval droonid<\/a><\/span><div class=\"rss_content\" style=\"\"><small>on 24.04.2026 at 06:18:30 <\/small><p>R\u00e4pina \u00fchisg\u00fcmnaasiumi g\u00fcmnasistid proovisid neljap\u00e4eval oma k\u00e4ega \u00e4ra, kuiv\u00f5rd juhitavad on droonid.<\/p><\/div><\/li><li  style=\"padding: 15px 0 25px\" class=\"rss_item\"><div class=\"rss_image\" style=\"height:150px;width:150px;\"><a href=\"https:\/\/pmo.ee\/8457152\" target=\"_blank\" rel=\" noopener\" title=\"Kalasadamad kutsuvad laup\u00e4eval k\u00fclla\" style=\"height:150px;width:150px;\"><img decoding=\"async\" src=\"https:\/\/f7.pmo.ee\/EKbDVAqM7elVL5bVU7mikfi8C-I=\/480x270\/smart\/nginx\/o\/2026\/04\/22\/17585008t1h06af.jpg\" title=\"Kalasadamad kutsuvad laup\u00e4eval k\u00fclla\" style=\"height:150px;width:150px;\"><\/a><\/div><span class=\"title\"><a href=\"https:\/\/pmo.ee\/8457152\" target=\"_blank\" rel=\" noopener\">Kalasadamad kutsuvad laup\u00e4eval k\u00fclla<\/a><\/span><div class=\"rss_content\" style=\"\"><small>on 22.04.2026 at 21:03:00 <\/small><p>Laup\u00e4eval ootavad Eesti eri paigus k\u00fclalisi 20 kalasadamat. Avatud kalasadamate p\u00e4eval saab kella 8\u221214 tutvuda sadamate ja kalandusega, nautida kalakohvikute h\u00f5rgutisi, osta kaasa v\u00e4rsket kala ja kalatooteid.<\/p><\/div><\/li><li  style=\"padding: 15px 0 25px\" class=\"rss_item\"><div class=\"rss_image\" style=\"height:150px;width:150px;\"><a href=\"https:\/\/pmo.ee\/8457529\" target=\"_blank\" rel=\" noopener\" title=\"R\u00e4pinas pole veel j\u00f5utud volikogu juhtide umbusaldamisele ja uue koalitsiooni loomisele m\u00f5elda\" style=\"height:150px;width:150px;\"><img decoding=\"async\" src=\"https:\/\/f11.pmo.ee\/rY45g38XYS1FXPF26sxfJIo7QCE=\/480x270\/smart\/nginx\/o\/2026\/04\/22\/17586204t1hceaa.jpg\" title=\"R\u00e4pinas pole veel j\u00f5utud volikogu juhtide umbusaldamisele ja uue koalitsiooni loomisele m\u00f5elda\" style=\"height:150px;width:150px;\"><\/a><\/div><span class=\"title\"><a href=\"https:\/\/pmo.ee\/8457529\" target=\"_blank\" rel=\" noopener\">R\u00e4pinas pole veel j\u00f5utud volikogu juhtide umbusaldamisele ja uue koalitsiooni loomisele m\u00f5elda<\/a><\/span><div class=\"rss_content\" style=\"\"><small>on 22.04.2026 at 18:32:55 <\/small><p>Kolmap\u00e4eva \u00f5htul R\u00e4pina vallavolikogu korralisele istungile kogunenud rahvaesindajatele oli ennel\u00f5unal avalikkuse ette j\u00f5udnud teade kahtlustuse esitamise kohta viiele munitsipaalpoliitikule paras \u0161okk.<\/p><\/div><\/li><li  style=\"padding: 15px 0 25px\" class=\"rss_item\"><div class=\"rss_image\" style=\"height:150px;width:150px;\"><a href=\"https:\/\/pmo.ee\/8457053\" target=\"_blank\" rel=\" noopener\" title=\"Altk\u00e4emaksukuriteos kahtlustatavad poliitikud l\u00fckkavad etteheited tagasi\" style=\"height:150px;width:150px;\"><img decoding=\"async\" src=\"https:\/\/f12.pmo.ee\/k_BltjplwJW6YZ8MpIo1GJChqGI=\/480x270\/smart\/nginx\/o\/2026\/01\/23\/17401864t1h6c19.jpg\" title=\"Altk\u00e4emaksukuriteos kahtlustatavad poliitikud l\u00fckkavad etteheited tagasi\" style=\"height:150px;width:150px;\"><\/a><\/div><span class=\"title\"><a href=\"https:\/\/pmo.ee\/8457053\" target=\"_blank\" rel=\" noopener\">Altk\u00e4emaksukuriteos kahtlustatavad poliitikud l\u00fckkavad etteheited tagasi<\/a><\/span><div class=\"rss_content\" style=\"\"><small>on 22.04.2026 at 08:57:27 <\/small><p>Keskkriminaalpolitsei alustas kriminaalmenetlust, kuna nad kahtlustavad, et \u00fchele R\u00e4pina vallavolikogu liikmele v\u00f5idi pakkuda altk\u00e4emaksu. Kahtlustuse sai viis inimest.<\/p><\/div><\/li><li  style=\"padding: 15px 0 25px\" class=\"rss_item\"><div class=\"rss_image\" style=\"height:150px;width:150px;\"><a href=\"https:\/\/pmo.ee\/8456955\" target=\"_blank\" rel=\" noopener\" title=\"GALERII \u27e9 President kohtus Kreekas L\u00f5una-Eestiski teeninud vaimulikega\" style=\"height:150px;width:150px;\"><img decoding=\"async\" src=\"https:\/\/f7.pmo.ee\/PiHC3OrRdZOxY_Zqq_AV5aQEhk8=\/480x270\/smart\/nginx\/o\/2026\/04\/22\/17584442t1hc34d.jpg\" title=\"GALERII \u27e9 President kohtus Kreekas L\u00f5una-Eestiski teeninud vaimulikega\" style=\"height:150px;width:150px;\"><\/a><\/div><span class=\"title\"><a href=\"https:\/\/pmo.ee\/8456955\" target=\"_blank\" rel=\" noopener\">GALERII \u27e9 President kohtus Kreekas L\u00f5una-Eestiski teeninud vaimulikega<\/a><\/span><div class=\"rss_content\" style=\"\"><small>on 22.04.2026 at 07:26:37 <\/small><p>Vabariigi president Alar Karis viibis kolmep\u00e4evasel ametlikul visiidil Kreekas. Selle k\u00e4igus kohtus ta teisip\u00e4eval kahe varem L\u00f5una-Eestis teeninud vaimulikuga, keda elu on viinud Kreekasse.<\/p><\/div><\/li><\/ul> <\/div><style type=\"text\/css\" media=\"all\">.feedzy-rss .rss_item .rss_image{float:left;position:relative;border:none;text-decoration:none;max-width:100%}.feedzy-rss .rss_item .rss_image span{display:inline-block;position:absolute;width:100%;height:100%;background-position:50%;background-size:cover}.feedzy-rss .rss_item .rss_image{margin:.3em 1em 0 0;content-visibility:auto}.feedzy-rss ul{list-style:none}.feedzy-rss ul li{display:inline-block}<\/style><\/div>\n","protected":false},"excerpt":{"rendered":"","protected":false},"author":3,"featured_media":0,"parent":0,"menu_order":0,"comment_status":"closed","ping_status":"closed","template":"","meta":{"footnotes":""},"class_list":["post-4114","page","type-page","status-publish","hentry"],"yoast_head":"<!-- This site is optimized with the Yoast SEO plugin v27.5 - https:\/\/yoast.com\/product\/yoast-seo-wordpress\/ -->\n<title>L\u00f5una-Eesti Postimees - V\u00f5rumaa S\u00f5prade Selts MT\u00dc - The Society of Friends of V\u00f5rumaa<\/title>\n<meta name=\"robots\" content=\"index, follow, max-snippet:-1, max-image-preview:large, max-video-preview:-1\" \/>\n<link rel=\"canonical\" href=\"https:\/\/www.vorumaa.eu\/en\/louna-eesti-postimees\/\" \/>\n<meta property=\"og:locale\" content=\"en_US\" \/>\n<meta property=\"og:locale:alternate\" content=\"et\" \/>\n<meta property=\"og:type\" content=\"article\" \/>\n<meta property=\"og:title\" content=\"L\u00f5una-Eesti Postimees - V\u00f5rumaa S\u00f5prade Selts MT\u00dc - The Society of Friends of V\u00f5rumaa\" \/>\n<meta property=\"og:url\" content=\"https:\/\/www.vorumaa.eu\/en\/louna-eesti-postimees\/\" \/>\n<meta property=\"og:site_name\" content=\"V\u00f5rumaa S\u00f5prade Selts MT\u00dc - The Society of Friends of V\u00f5rumaa\" \/>\n<meta property=\"article:publisher\" content=\"https:\/\/www.facebook.com\/vorumaaselts\" \/>\n<meta name=\"twitter:card\" content=\"summary_large_image\" \/>\n<meta name=\"twitter:site\" content=\"@vorumaaselts\" \/>\n<meta name=\"twitter:label1\" content=\"Est. reading time\" \/>\n\t<meta name=\"twitter:data1\" content=\"1 minute\" \/>\n<script type=\"application\/ld+json\" class=\"yoast-schema-graph\">{\"@context\":\"https:\\\/\\\/schema.org\",\"@graph\":[{\"@type\":\"WebPage\",\"@id\":\"https:\\\/\\\/www.vorumaa.eu\\\/louna-eesti-postimees\\\/\",\"url\":\"https:\\\/\\\/www.vorumaa.eu\\\/louna-eesti-postimees\\\/\",\"name\":\"L\u00f5una-Eesti Postimees - V\u00f5rumaa S\u00f5prade Selts MT\u00dc - The Society of Friends of V\u00f5rumaa\",\"isPartOf\":{\"@id\":\"https:\\\/\\\/www.vorumaa.eu\\\/#website\"},\"datePublished\":\"2022-08-03T11:55:15+00:00\",\"breadcrumb\":{\"@id\":\"https:\\\/\\\/www.vorumaa.eu\\\/louna-eesti-postimees\\\/#breadcrumb\"},\"inLanguage\":\"en-US\",\"potentialAction\":[{\"@type\":\"ReadAction\",\"target\":[\"https:\\\/\\\/www.vorumaa.eu\\\/louna-eesti-postimees\\\/\"]}]},{\"@type\":\"BreadcrumbList\",\"@id\":\"https:\\\/\\\/www.vorumaa.eu\\\/louna-eesti-postimees\\\/#breadcrumb\",\"itemListElement\":[{\"@type\":\"ListItem\",\"position\":1,\"name\":\"Home\",\"item\":\"https:\\\/\\\/www.vorumaa.eu\\\/\"},{\"@type\":\"ListItem\",\"position\":2,\"name\":\"L\u00f5una-Eesti Postimees\"}]},{\"@type\":\"WebSite\",\"@id\":\"https:\\\/\\\/www.vorumaa.eu\\\/#website\",\"url\":\"https:\\\/\\\/www.vorumaa.eu\\\/\",\"name\":\"V\u00f5rumaa S\u00f5prade Selts MT\u00dc - The Society of Friends of V\u00f5rumaa\",\"description\":\"Neile, kel hinges on V\u00f5rumaa...\",\"publisher\":{\"@id\":\"https:\\\/\\\/www.vorumaa.eu\\\/#organization\"},\"potentialAction\":[{\"@type\":\"SearchAction\",\"target\":{\"@type\":\"EntryPoint\",\"urlTemplate\":\"https:\\\/\\\/www.vorumaa.eu\\\/?s={search_term_string}\"},\"query-input\":{\"@type\":\"PropertyValueSpecification\",\"valueRequired\":true,\"valueName\":\"search_term_string\"}}],\"inLanguage\":\"en-US\"},{\"@type\":\"Organization\",\"@id\":\"https:\\\/\\\/www.vorumaa.eu\\\/#organization\",\"name\":\"V\u00f5rumaa S\u00f5prade Selts MT\u00dc - The Society of Friends of V\u00f5rumaa\",\"url\":\"https:\\\/\\\/www.vorumaa.eu\\\/\",\"logo\":{\"@type\":\"ImageObject\",\"inLanguage\":\"en-US\",\"@id\":\"https:\\\/\\\/www.vorumaa.eu\\\/#\\\/schema\\\/logo\\\/image\\\/\",\"url\":\"https:\\\/\\\/www.vorumaa.eu\\\/wp-content\\\/uploads\\\/2021\\\/12\\\/cropped-VSS-TEMPEL-ROHELINE-KARUGA-11.12.2021.jpg\",\"contentUrl\":\"https:\\\/\\\/www.vorumaa.eu\\\/wp-content\\\/uploads\\\/2021\\\/12\\\/cropped-VSS-TEMPEL-ROHELINE-KARUGA-11.12.2021.jpg\",\"width\":512,\"height\":512,\"caption\":\"V\u00f5rumaa S\u00f5prade Selts MT\u00dc - The Society of Friends of V\u00f5rumaa\"},\"image\":{\"@id\":\"https:\\\/\\\/www.vorumaa.eu\\\/#\\\/schema\\\/logo\\\/image\\\/\"},\"sameAs\":[\"https:\\\/\\\/www.facebook.com\\\/vorumaaselts\",\"https:\\\/\\\/x.com\\\/vorumaaselts\",\"https:\\\/\\\/www.instagram.com\\\/vorumaaselts\"]}]}<\/script>\n<!-- \/ Yoast SEO plugin. -->","yoast_head_json":{"title":"L\u00f5una-Eesti Postimees - V\u00f5rumaa S\u00f5prade Selts MT\u00dc - The Society of Friends of V\u00f5rumaa","robots":{"index":"index","follow":"follow","max-snippet":"max-snippet:-1","max-image-preview":"max-image-preview:large","max-video-preview":"max-video-preview:-1"},"canonical":"https:\/\/www.vorumaa.eu\/en\/louna-eesti-postimees\/","og_locale":"en_US","og_type":"article","og_title":"L\u00f5una-Eesti Postimees - V\u00f5rumaa S\u00f5prade Selts MT\u00dc - The Society of Friends of V\u00f5rumaa","og_url":"https:\/\/www.vorumaa.eu\/en\/louna-eesti-postimees\/","og_site_name":"V\u00f5rumaa S\u00f5prade Selts MT\u00dc - The Society of Friends of V\u00f5rumaa","article_publisher":"https:\/\/www.facebook.com\/vorumaaselts","twitter_card":"summary_large_image","twitter_site":"@vorumaaselts","twitter_misc":{"Est. reading time":"1 minute"},"schema":{"@context":"https:\/\/schema.org","@graph":[{"@type":"WebPage","@id":"https:\/\/www.vorumaa.eu\/louna-eesti-postimees\/","url":"https:\/\/www.vorumaa.eu\/louna-eesti-postimees\/","name":"L\u00f5una-Eesti Postimees - V\u00f5rumaa S\u00f5prade Selts MT\u00dc - The Society of Friends of V\u00f5rumaa","isPartOf":{"@id":"https:\/\/www.vorumaa.eu\/#website"},"datePublished":"2022-08-03T11:55:15+00:00","breadcrumb":{"@id":"https:\/\/www.vorumaa.eu\/louna-eesti-postimees\/#breadcrumb"},"inLanguage":"en-US","potentialAction":[{"@type":"ReadAction","target":["https:\/\/www.vorumaa.eu\/louna-eesti-postimees\/"]}]},{"@type":"BreadcrumbList","@id":"https:\/\/www.vorumaa.eu\/louna-eesti-postimees\/#breadcrumb","itemListElement":[{"@type":"ListItem","position":1,"name":"Home","item":"https:\/\/www.vorumaa.eu\/"},{"@type":"ListItem","position":2,"name":"L\u00f5una-Eesti Postimees"}]},{"@type":"WebSite","@id":"https:\/\/www.vorumaa.eu\/#website","url":"https:\/\/www.vorumaa.eu\/","name":"V\u00f5rumaa S\u00f5prade Selts MT\u00dc - The Society of Friends of V\u00f5rumaa","description":"Neile, kel hinges on V\u00f5rumaa...","publisher":{"@id":"https:\/\/www.vorumaa.eu\/#organization"},"potentialAction":[{"@type":"SearchAction","target":{"@type":"EntryPoint","urlTemplate":"https:\/\/www.vorumaa.eu\/?s={search_term_string}"},"query-input":{"@type":"PropertyValueSpecification","valueRequired":true,"valueName":"search_term_string"}}],"inLanguage":"en-US"},{"@type":"Organization","@id":"https:\/\/www.vorumaa.eu\/#organization","name":"V\u00f5rumaa S\u00f5prade Selts MT\u00dc - The Society of Friends of V\u00f5rumaa","url":"https:\/\/www.vorumaa.eu\/","logo":{"@type":"ImageObject","inLanguage":"en-US","@id":"https:\/\/www.vorumaa.eu\/#\/schema\/logo\/image\/","url":"https:\/\/www.vorumaa.eu\/wp-content\/uploads\/2021\/12\/cropped-VSS-TEMPEL-ROHELINE-KARUGA-11.12.2021.jpg","contentUrl":"https:\/\/www.vorumaa.eu\/wp-content\/uploads\/2021\/12\/cropped-VSS-TEMPEL-ROHELINE-KARUGA-11.12.2021.jpg","width":512,"height":512,"caption":"V\u00f5rumaa S\u00f5prade Selts MT\u00dc - The Society of Friends of V\u00f5rumaa"},"image":{"@id":"https:\/\/www.vorumaa.eu\/#\/schema\/logo\/image\/"},"sameAs":["https:\/\/www.facebook.com\/vorumaaselts","https:\/\/x.com\/vorumaaselts","https:\/\/www.instagram.com\/vorumaaselts"]}]}},"_links":{"self":[{"href":"https:\/\/www.vorumaa.eu\/en\/wp-json\/wp\/v2\/pages\/4114","targetHints":{"allow":["GET"]}}],"collection":[{"href":"https:\/\/www.vorumaa.eu\/en\/wp-json\/wp\/v2\/pages"}],"about":[{"href":"https:\/\/www.vorumaa.eu\/en\/wp-json\/wp\/v2\/types\/page"}],"author":[{"embeddable":true,"href":"https:\/\/www.vorumaa.eu\/en\/wp-json\/wp\/v2\/users\/3"}],"replies":[{"embeddable":true,"href":"https:\/\/www.vorumaa.eu\/en\/wp-json\/wp\/v2\/comments?post=4114"}],"version-history":[{"count":1,"href":"https:\/\/www.vorumaa.eu\/en\/wp-json\/wp\/v2\/pages\/4114\/revisions"}],"predecessor-version":[{"id":4116,"href":"https:\/\/www.vorumaa.eu\/en\/wp-json\/wp\/v2\/pages\/4114\/revisions\/4116"}],"wp:attachment":[{"href":"https:\/\/www.vorumaa.eu\/en\/wp-json\/wp\/v2\/media?parent=4114"}],"curies":[{"name":"wp","href":"https:\/\/api.w.org\/{rel}","templated":true}]}}